{"id":11247,"date":"2025-04-17T14:21:20","date_gmt":"2025-04-17T12:21:20","guid":{"rendered":"https:\/\/www.latramuntana.com\/ca\/?post_type=nota-premsa&#038;p=11247"},"modified":"2025-04-17T14:21:20","modified_gmt":"2025-04-17T12:21:20","slug":"el-grup-tramuntana-celebra-els-80-anys-dhistoria-amb-una-emotiva-presentacio-del-llibre-commemoratiu-a-la-jonquera","status":"publish","type":"nota-premsa","link":"https:\/\/www.latramuntana.com\/ca\/nota-premsa\/el-grup-tramuntana-celebra-els-80-anys-dhistoria-amb-una-emotiva-presentacio-del-llibre-commemoratiu-a-la-jonquera\/","title":{"rendered":"El Grup Tramuntana celebra els 80 anys d\u2019hist\u00f2ria amb una emotiva presentaci\u00f3 del llibre commemoratiu a La Jonquera"},"content":{"rendered":"<p>El Grup Tramuntana ha celebrat aquest dimarts, 15 d\u2019abril, un nou acte incl\u00f2s en la celebraci\u00f3 del seu 80\u00e8 aniversari. Ho ha fet amb la presentaci\u00f3 del llibre <em>Tramuntana. 80 anys<\/em>, en un acte multitudinari i carregat d\u2019emoci\u00f3 celebrat al teatre de La Societat Uni\u00f3 Jonquerenca. La vetllada ha servit per repassar la traject\u00f2ria del grup empresarial familiar, recon\u00e8ixer el paper fonamental dels treballadors i treballadores i projectar el futur d\u2019una empresa amb arrels profundes al territori.<\/p>\n<p>L\u2019acte ha estat condu\u00eft pel periodista Santi Coll, que ha moderat un di\u00e0leg amb Xim Raurich, Assumpta Raurich acompanyats de la seva mare i \u00e0nima de l\u2019empresa, Mariss\u00e8 Santal\u00f3. Junts han compartit records personals i professionals que han marcat l\u2019evoluci\u00f3 d\u2019una empresa estretament vinculada al territori i a la gent que l\u2019ha fet cr\u00e9ixer.<\/p>\n<p><img fetchpriority=\"high\" decoding=\"async\" class=\"alignnone wp-image-11280 size-large\" src=\"https:\/\/www.latramuntana.com\/wp-content\/uploads\/2025\/04\/250415__JRP9924-1024x690.webp\" alt=\"\" width=\"800\" height=\"539\" srcset=\"https:\/\/www.latramuntana.com\/wp-content\/uploads\/2025\/04\/250415__JRP9924-1024x690.webp 1024w, https:\/\/www.latramuntana.com\/wp-content\/uploads\/2025\/04\/250415__JRP9924-300x202.webp 300w, https:\/\/www.latramuntana.com\/wp-content\/uploads\/2025\/04\/250415__JRP9924-768x518.webp 768w, https:\/\/www.latramuntana.com\/wp-content\/uploads\/2025\/04\/250415__JRP9924-1536x1035.webp 1536w, https:\/\/www.latramuntana.com\/wp-content\/uploads\/2025\/04\/250415__JRP9924-2048x1380.webp 2048w\" sizes=\"(max-width: 800px) 100vw, 800px\" \/><\/p>\n<p>Un dels moments m\u00e9s emotius de la vetllada ha estat l\u2019homenatge a tres antics treballadors: Maria Juanola, Rosita Juanola i Josep Tarrats, que han pujat a l\u2019escenari per reviure una fotografia emblem\u00e0tica realitzada el 1957, davant de Casa Raurich i han rebut un sentit reconeixement per part del p\u00fablic. Aquest gest ha simbolitzat l\u2019agra\u00efment col\u00b7lectiu del Grup a totes les persones que n\u2019han format part durant aquestes vuit d\u00e8cades.<\/p>\n<p><img decoding=\"async\" class=\"alignnone wp-image-11260 size-large\" src=\"https:\/\/www.latramuntana.com\/wp-content\/uploads\/2025\/04\/250415__JRP5898-1024x768.webp\" alt=\"\" width=\"800\" height=\"600\" srcset=\"https:\/\/www.latramuntana.com\/wp-content\/uploads\/2025\/04\/250415__JRP5898-1024x768.webp 1024w, https:\/\/www.latramuntana.com\/wp-content\/uploads\/2025\/04\/250415__JRP5898-300x225.webp 300w, https:\/\/www.latramuntana.com\/wp-content\/uploads\/2025\/04\/250415__JRP5898-768x576.webp 768w, https:\/\/www.latramuntana.com\/wp-content\/uploads\/2025\/04\/250415__JRP5898-1536x1152.webp 1536w, https:\/\/www.latramuntana.com\/wp-content\/uploads\/2025\/04\/250415__JRP5898-2048x1536.webp 2048w\" sizes=\"(max-width: 800px) 100vw, 800px\" \/><\/p>\n<p>Tamb\u00e9 han intervingut Pep Raurich i Ferran Comet, cinquena generaci\u00f3 familiar que ja treballa activament al Grup, i que representen el relleu i la continu\u00eftat cap al centenari. L\u2019alcaldessa de La Jonquera, M\u00edriam Lanero, ha subratllat la import\u00e0ncia del Grup Tramuntana com a motor econ\u00f2mic i comercial del municipi i de la comarca.<\/p>\n<p>Una altra de les intervencions destacades ha estat la d\u2019Elisenda Raurich, que ha presentat un v\u00eddeo elaborat a partir d\u2019imatges gravades pel seu avi, Josep Raurich, l\u2019any 1970. Aquest material ser\u00e0 la base d\u2019un documental que es preveu estrenar el 4 de juliol, i que contribuir\u00e0 a preservar la mem\u00f2ria visual de \u2018La Tramuntana\u2019 i la seva evoluci\u00f3.<\/p>\n<p><img decoding=\"async\" class=\"alignnone wp-image-11256 size-large\" src=\"https:\/\/www.latramuntana.com\/wp-content\/uploads\/2025\/04\/250415__JRP5854-1024x768.webp\" alt=\"\" width=\"800\" height=\"600\" srcset=\"https:\/\/www.latramuntana.com\/wp-content\/uploads\/2025\/04\/250415__JRP5854-1024x768.webp 1024w, https:\/\/www.latramuntana.com\/wp-content\/uploads\/2025\/04\/250415__JRP5854-300x225.webp 300w, https:\/\/www.latramuntana.com\/wp-content\/uploads\/2025\/04\/250415__JRP5854-768x576.webp 768w, https:\/\/www.latramuntana.com\/wp-content\/uploads\/2025\/04\/250415__JRP5854-1536x1152.webp 1536w, https:\/\/www.latramuntana.com\/wp-content\/uploads\/2025\/04\/250415__JRP5854-2048x1536.webp 2048w\" sizes=\"(max-width: 800px) 100vw, 800px\" \/><\/p>\n<p>L\u2019autora del llibre, la periodista Aida Vilar, no ha pogut assistir a l\u2019acte i en el seu lloc s\u2019ha projectat un v\u00eddeo amb un missatge gravat dies enrere, en qu\u00e8 explica com ha viscut la creaci\u00f3 d\u2019aquesta obra. El llibre <em>Tramuntana. 80 anys<\/em>, coordinat per Os Betran, amb disseny de Manel Gr\u00e1valos i fotografies provinents de l\u2019arxiu de la fam\u00edlia i d\u2019altres fonts, recull la hist\u00f2ria d\u2019un projecte empresarial iniciat l\u2019any 1945 al Port\u00fas, que ha crescut de forma constant mantenint-se fidel a la seva ess\u00e8ncia i a la seva gent.<\/p>\n<p><img loading=\"lazy\" decoding=\"async\" class=\"alignnone wp-image-11248 size-large\" src=\"https:\/\/www.latramuntana.com\/wp-content\/uploads\/2025\/04\/250415__JRP5823-1024x768.webp\" alt=\"\" width=\"800\" height=\"600\" srcset=\"https:\/\/www.latramuntana.com\/wp-content\/uploads\/2025\/04\/250415__JRP5823-1024x768.webp 1024w, https:\/\/www.latramuntana.com\/wp-content\/uploads\/2025\/04\/250415__JRP5823-300x225.webp 300w, https:\/\/www.latramuntana.com\/wp-content\/uploads\/2025\/04\/250415__JRP5823-768x576.webp 768w, https:\/\/www.latramuntana.com\/wp-content\/uploads\/2025\/04\/250415__JRP5823-1536x1152.webp 1536w, https:\/\/www.latramuntana.com\/wp-content\/uploads\/2025\/04\/250415__JRP5823-2048x1536.webp 2048w\" sizes=\"(max-width: 800px) 100vw, 800px\" \/><\/p>\n<p><img loading=\"lazy\" decoding=\"async\" class=\"alignnone wp-image-11272 size-large\" src=\"https:\/\/www.latramuntana.com\/wp-content\/uploads\/2025\/04\/250415__JRP6000-1024x768.webp\" alt=\"\" width=\"800\" height=\"600\" srcset=\"https:\/\/www.latramuntana.com\/wp-content\/uploads\/2025\/04\/250415__JRP6000-1024x768.webp 1024w, https:\/\/www.latramuntana.com\/wp-content\/uploads\/2025\/04\/250415__JRP6000-300x225.webp 300w, https:\/\/www.latramuntana.com\/wp-content\/uploads\/2025\/04\/250415__JRP6000-768x576.webp 768w, https:\/\/www.latramuntana.com\/wp-content\/uploads\/2025\/04\/250415__JRP6000-1536x1152.webp 1536w, https:\/\/www.latramuntana.com\/wp-content\/uploads\/2025\/04\/250415__JRP6000-2048x1536.webp 2048w\" sizes=\"(max-width: 800px) 100vw, 800px\" \/><\/p>\n<p>Tots els assistents a l\u2019acte han rebut un exemplar del llibre, dedicat personalment per Xim i Assumpta Raurich.<\/p>\n<p><img loading=\"lazy\" decoding=\"async\" class=\"alignnone wp-image-11268 size-large\" src=\"https:\/\/www.latramuntana.com\/wp-content\/uploads\/2025\/04\/250415__JRP5969-1024x738.webp\" alt=\"\" width=\"800\" height=\"577\" srcset=\"https:\/\/www.latramuntana.com\/wp-content\/uploads\/2025\/04\/250415__JRP5969-1024x738.webp 1024w, https:\/\/www.latramuntana.com\/wp-content\/uploads\/2025\/04\/250415__JRP5969-300x216.webp 300w, https:\/\/www.latramuntana.com\/wp-content\/uploads\/2025\/04\/250415__JRP5969-768x554.webp 768w, https:\/\/www.latramuntana.com\/wp-content\/uploads\/2025\/04\/250415__JRP5969-1536x1107.webp 1536w, https:\/\/www.latramuntana.com\/wp-content\/uploads\/2025\/04\/250415__JRP5969-2048x1477.webp 2048w\" sizes=\"(max-width: 800px) 100vw, 800px\" \/><\/p>\n","protected":false},"featured_media":11264,"parent":0,"template":"","class_list":["post-11247","nota-premsa","type-nota-premsa","status-publish","has-post-thumbnail","hentry"],"yoast_head":"<!-- This site is optimized with the Yoast SEO plugin v27.5 - https:\/\/yoast.com\/product\/yoast-seo-wordpress\/ -->\n<title>El Grup Tramuntana celebra els 80 anys d\u2019hist\u00f2ria amb una emotiva presentaci\u00f3 del llibre commemoratiu a La Jonquera - La Tramuntana<\/title>\n<meta name=\"robots\" content=\"noindex, follow\" \/>\n<meta property=\"og:locale\" content=\"ca_ES\" \/>\n<meta property=\"og:type\" content=\"article\" \/>\n<meta property=\"og:title\" content=\"El Grup Tramuntana celebra els 80 anys d\u2019hist\u00f2ria amb una emotiva presentaci\u00f3 del llibre commemoratiu a La Jonquera - La Tramuntana\" \/>\n<meta property=\"og:description\" content=\"El Grup Tramuntana ha celebrat aquest dimarts, 15 d\u2019abril, un nou acte incl\u00f2s en la celebraci\u00f3 del seu 80\u00e8 aniversari. Ho ha fet amb la presentaci\u00f3 del llibre Tramuntana. 80 anys, en un acte multitudinari i carregat d\u2019emoci\u00f3 celebrat al teatre de La Societat Uni\u00f3 Jonquerenca. La vetllada ha servit per repassar la traject\u00f2ria del [&hellip;]\" \/>\n<meta property=\"og:url\" content=\"https:\/\/www.latramuntana.com\/ca\/nota-premsa\/el-grup-tramuntana-celebra-els-80-anys-dhistoria-amb-una-emotiva-presentacio-del-llibre-commemoratiu-a-la-jonquera\/\" \/>\n<meta property=\"og:site_name\" content=\"La Tramuntana\" \/>\n<meta property=\"article:publisher\" content=\"https:\/\/www.facebook.com\/gruptramuntana\" \/>\n<meta property=\"og:image\" content=\"https:\/\/www.latramuntana.com\/wp-content\/uploads\/2025\/04\/250415__JRP5918-scaled.webp\" \/>\n\t<meta property=\"og:image:width\" content=\"2560\" \/>\n\t<meta property=\"og:image:height\" content=\"1642\" \/>\n\t<meta property=\"og:image:type\" content=\"image\/webp\" \/>\n<meta name=\"twitter:card\" content=\"summary_large_image\" \/>\n<meta name=\"twitter:label1\" content=\"Temps estimat de lectura\" \/>\n\t<meta name=\"twitter:data1\" content=\"4 minuts\" \/>\n<script type=\"application\/ld+json\" class=\"yoast-schema-graph\">{\"@context\":\"https:\\\/\\\/schema.org\",\"@graph\":[{\"@type\":\"WebPage\",\"@id\":\"https:\\\/\\\/www.latramuntana.com\\\/ca\\\/nota-premsa\\\/el-grup-tramuntana-celebra-els-80-anys-dhistoria-amb-una-emotiva-presentacio-del-llibre-commemoratiu-a-la-jonquera\\\/\",\"url\":\"https:\\\/\\\/www.latramuntana.com\\\/ca\\\/nota-premsa\\\/el-grup-tramuntana-celebra-els-80-anys-dhistoria-amb-una-emotiva-presentacio-del-llibre-commemoratiu-a-la-jonquera\\\/\",\"name\":\"El Grup Tramuntana celebra els 80 anys d\u2019hist\u00f2ria amb una emotiva presentaci\u00f3 del llibre commemoratiu a La Jonquera - La Tramuntana\",\"isPartOf\":{\"@id\":\"https:\\\/\\\/www.latramuntana.com\\\/ca\\\/#website\"},\"primaryImageOfPage\":{\"@id\":\"https:\\\/\\\/www.latramuntana.com\\\/ca\\\/nota-premsa\\\/el-grup-tramuntana-celebra-els-80-anys-dhistoria-amb-una-emotiva-presentacio-del-llibre-commemoratiu-a-la-jonquera\\\/#primaryimage\"},\"image\":{\"@id\":\"https:\\\/\\\/www.latramuntana.com\\\/ca\\\/nota-premsa\\\/el-grup-tramuntana-celebra-els-80-anys-dhistoria-amb-una-emotiva-presentacio-del-llibre-commemoratiu-a-la-jonquera\\\/#primaryimage\"},\"thumbnailUrl\":\"https:\\\/\\\/www.latramuntana.com\\\/wp-content\\\/uploads\\\/2025\\\/04\\\/250415__JRP5918-scaled.webp\",\"datePublished\":\"2025-04-17T12:21:20+00:00\",\"breadcrumb\":{\"@id\":\"https:\\\/\\\/www.latramuntana.com\\\/ca\\\/nota-premsa\\\/el-grup-tramuntana-celebra-els-80-anys-dhistoria-amb-una-emotiva-presentacio-del-llibre-commemoratiu-a-la-jonquera\\\/#breadcrumb\"},\"inLanguage\":\"ca\",\"potentialAction\":[{\"@type\":\"ReadAction\",\"target\":[\"https:\\\/\\\/www.latramuntana.com\\\/ca\\\/nota-premsa\\\/el-grup-tramuntana-celebra-els-80-anys-dhistoria-amb-una-emotiva-presentacio-del-llibre-commemoratiu-a-la-jonquera\\\/\"]}]},{\"@type\":\"ImageObject\",\"inLanguage\":\"ca\",\"@id\":\"https:\\\/\\\/www.latramuntana.com\\\/ca\\\/nota-premsa\\\/el-grup-tramuntana-celebra-els-80-anys-dhistoria-amb-una-emotiva-presentacio-del-llibre-commemoratiu-a-la-jonquera\\\/#primaryimage\",\"url\":\"https:\\\/\\\/www.latramuntana.com\\\/wp-content\\\/uploads\\\/2025\\\/04\\\/250415__JRP5918-scaled.webp\",\"contentUrl\":\"https:\\\/\\\/www.latramuntana.com\\\/wp-content\\\/uploads\\\/2025\\\/04\\\/250415__JRP5918-scaled.webp\",\"width\":2560,\"height\":1642},{\"@type\":\"BreadcrumbList\",\"@id\":\"https:\\\/\\\/www.latramuntana.com\\\/ca\\\/nota-premsa\\\/el-grup-tramuntana-celebra-els-80-anys-dhistoria-amb-una-emotiva-presentacio-del-llibre-commemoratiu-a-la-jonquera\\\/#breadcrumb\",\"itemListElement\":[{\"@type\":\"ListItem\",\"position\":1,\"name\":\"Portada\",\"item\":\"https:\\\/\\\/www.latramuntana.com\\\/ca\\\/\"},{\"@type\":\"ListItem\",\"position\":2,\"name\":\"Premsa\",\"item\":\"https:\\\/\\\/www.latramuntana.com\\\/ca\\\/nota-premsa\\\/\"},{\"@type\":\"ListItem\",\"position\":3,\"name\":\"El Grup Tramuntana celebra els 80 anys d\u2019hist\u00f2ria amb una emotiva presentaci\u00f3 del llibre commemoratiu a La Jonquera\"}]},{\"@type\":\"WebSite\",\"@id\":\"https:\\\/\\\/www.latramuntana.com\\\/ca\\\/#website\",\"url\":\"https:\\\/\\\/www.latramuntana.com\\\/ca\\\/\",\"name\":\"La Tramuntana\",\"description\":\"\",\"publisher\":{\"@id\":\"https:\\\/\\\/www.latramuntana.com\\\/ca\\\/#organization\"},\"potentialAction\":[{\"@type\":\"SearchAction\",\"target\":{\"@type\":\"EntryPoint\",\"urlTemplate\":\"https:\\\/\\\/www.latramuntana.com\\\/ca\\\/?s={search_term_string}\"},\"query-input\":{\"@type\":\"PropertyValueSpecification\",\"valueRequired\":true,\"valueName\":\"search_term_string\"}}],\"inLanguage\":\"ca\"},{\"@type\":\"Organization\",\"@id\":\"https:\\\/\\\/www.latramuntana.com\\\/ca\\\/#organization\",\"name\":\"La Tramuntana\",\"url\":\"https:\\\/\\\/www.latramuntana.com\\\/ca\\\/\",\"logo\":{\"@type\":\"ImageObject\",\"inLanguage\":\"ca\",\"@id\":\"https:\\\/\\\/www.latramuntana.com\\\/ca\\\/#\\\/schema\\\/logo\\\/image\\\/\",\"url\":\"https:\\\/\\\/www.latramuntana.com\\\/wp-content\\\/uploads\\\/2024\\\/06\\\/latramuntana-logo.svg\",\"contentUrl\":\"https:\\\/\\\/www.latramuntana.com\\\/wp-content\\\/uploads\\\/2024\\\/06\\\/latramuntana-logo.svg\",\"width\":500,\"height\":55,\"caption\":\"La Tramuntana\"},\"image\":{\"@id\":\"https:\\\/\\\/www.latramuntana.com\\\/ca\\\/#\\\/schema\\\/logo\\\/image\\\/\"},\"sameAs\":[\"https:\\\/\\\/www.facebook.com\\\/gruptramuntana\",\"https:\\\/\\\/www.instagram.com\\\/gruptramuntana\\\/\",\"https:\\\/\\\/www.linkedin.com\\\/company\\\/gruptramuntana\\\/\"]}]}<\/script>\n<!-- \/ Yoast SEO plugin. -->","yoast_head_json":{"title":"El Grup Tramuntana celebra els 80 anys d\u2019hist\u00f2ria amb una emotiva presentaci\u00f3 del llibre commemoratiu a La Jonquera - La Tramuntana","robots":{"index":"noindex","follow":"follow"},"og_locale":"ca_ES","og_type":"article","og_title":"El Grup Tramuntana celebra els 80 anys d\u2019hist\u00f2ria amb una emotiva presentaci\u00f3 del llibre commemoratiu a La Jonquera - La Tramuntana","og_description":"El Grup Tramuntana ha celebrat aquest dimarts, 15 d\u2019abril, un nou acte incl\u00f2s en la celebraci\u00f3 del seu 80\u00e8 aniversari. Ho ha fet amb la presentaci\u00f3 del llibre Tramuntana. 80 anys, en un acte multitudinari i carregat d\u2019emoci\u00f3 celebrat al teatre de La Societat Uni\u00f3 Jonquerenca. La vetllada ha servit per repassar la traject\u00f2ria del [&hellip;]","og_url":"https:\/\/www.latramuntana.com\/ca\/nota-premsa\/el-grup-tramuntana-celebra-els-80-anys-dhistoria-amb-una-emotiva-presentacio-del-llibre-commemoratiu-a-la-jonquera\/","og_site_name":"La Tramuntana","article_publisher":"https:\/\/www.facebook.com\/gruptramuntana","og_image":[{"width":2560,"height":1642,"url":"https:\/\/www.latramuntana.com\/wp-content\/uploads\/2025\/04\/250415__JRP5918-scaled.webp","type":"image\/webp"}],"twitter_card":"summary_large_image","twitter_misc":{"Temps estimat de lectura":"4 minuts"},"schema":{"@context":"https:\/\/schema.org","@graph":[{"@type":"WebPage","@id":"https:\/\/www.latramuntana.com\/ca\/nota-premsa\/el-grup-tramuntana-celebra-els-80-anys-dhistoria-amb-una-emotiva-presentacio-del-llibre-commemoratiu-a-la-jonquera\/","url":"https:\/\/www.latramuntana.com\/ca\/nota-premsa\/el-grup-tramuntana-celebra-els-80-anys-dhistoria-amb-una-emotiva-presentacio-del-llibre-commemoratiu-a-la-jonquera\/","name":"El Grup Tramuntana celebra els 80 anys d\u2019hist\u00f2ria amb una emotiva presentaci\u00f3 del llibre commemoratiu a La Jonquera - La Tramuntana","isPartOf":{"@id":"https:\/\/www.latramuntana.com\/ca\/#website"},"primaryImageOfPage":{"@id":"https:\/\/www.latramuntana.com\/ca\/nota-premsa\/el-grup-tramuntana-celebra-els-80-anys-dhistoria-amb-una-emotiva-presentacio-del-llibre-commemoratiu-a-la-jonquera\/#primaryimage"},"image":{"@id":"https:\/\/www.latramuntana.com\/ca\/nota-premsa\/el-grup-tramuntana-celebra-els-80-anys-dhistoria-amb-una-emotiva-presentacio-del-llibre-commemoratiu-a-la-jonquera\/#primaryimage"},"thumbnailUrl":"https:\/\/www.latramuntana.com\/wp-content\/uploads\/2025\/04\/250415__JRP5918-scaled.webp","datePublished":"2025-04-17T12:21:20+00:00","breadcrumb":{"@id":"https:\/\/www.latramuntana.com\/ca\/nota-premsa\/el-grup-tramuntana-celebra-els-80-anys-dhistoria-amb-una-emotiva-presentacio-del-llibre-commemoratiu-a-la-jonquera\/#breadcrumb"},"inLanguage":"ca","potentialAction":[{"@type":"ReadAction","target":["https:\/\/www.latramuntana.com\/ca\/nota-premsa\/el-grup-tramuntana-celebra-els-80-anys-dhistoria-amb-una-emotiva-presentacio-del-llibre-commemoratiu-a-la-jonquera\/"]}]},{"@type":"ImageObject","inLanguage":"ca","@id":"https:\/\/www.latramuntana.com\/ca\/nota-premsa\/el-grup-tramuntana-celebra-els-80-anys-dhistoria-amb-una-emotiva-presentacio-del-llibre-commemoratiu-a-la-jonquera\/#primaryimage","url":"https:\/\/www.latramuntana.com\/wp-content\/uploads\/2025\/04\/250415__JRP5918-scaled.webp","contentUrl":"https:\/\/www.latramuntana.com\/wp-content\/uploads\/2025\/04\/250415__JRP5918-scaled.webp","width":2560,"height":1642},{"@type":"BreadcrumbList","@id":"https:\/\/www.latramuntana.com\/ca\/nota-premsa\/el-grup-tramuntana-celebra-els-80-anys-dhistoria-amb-una-emotiva-presentacio-del-llibre-commemoratiu-a-la-jonquera\/#breadcrumb","itemListElement":[{"@type":"ListItem","position":1,"name":"Portada","item":"https:\/\/www.latramuntana.com\/ca\/"},{"@type":"ListItem","position":2,"name":"Premsa","item":"https:\/\/www.latramuntana.com\/ca\/nota-premsa\/"},{"@type":"ListItem","position":3,"name":"El Grup Tramuntana celebra els 80 anys d\u2019hist\u00f2ria amb una emotiva presentaci\u00f3 del llibre commemoratiu a La Jonquera"}]},{"@type":"WebSite","@id":"https:\/\/www.latramuntana.com\/ca\/#website","url":"https:\/\/www.latramuntana.com\/ca\/","name":"La Tramuntana","description":"","publisher":{"@id":"https:\/\/www.latramuntana.com\/ca\/#organization"},"potentialAction":[{"@type":"SearchAction","target":{"@type":"EntryPoint","urlTemplate":"https:\/\/www.latramuntana.com\/ca\/?s={search_term_string}"},"query-input":{"@type":"PropertyValueSpecification","valueRequired":true,"valueName":"search_term_string"}}],"inLanguage":"ca"},{"@type":"Organization","@id":"https:\/\/www.latramuntana.com\/ca\/#organization","name":"La Tramuntana","url":"https:\/\/www.latramuntana.com\/ca\/","logo":{"@type":"ImageObject","inLanguage":"ca","@id":"https:\/\/www.latramuntana.com\/ca\/#\/schema\/logo\/image\/","url":"https:\/\/www.latramuntana.com\/wp-content\/uploads\/2024\/06\/latramuntana-logo.svg","contentUrl":"https:\/\/www.latramuntana.com\/wp-content\/uploads\/2024\/06\/latramuntana-logo.svg","width":500,"height":55,"caption":"La Tramuntana"},"image":{"@id":"https:\/\/www.latramuntana.com\/ca\/#\/schema\/logo\/image\/"},"sameAs":["https:\/\/www.facebook.com\/gruptramuntana","https:\/\/www.instagram.com\/gruptramuntana\/","https:\/\/www.linkedin.com\/company\/gruptramuntana\/"]}]}},"_links":{"self":[{"href":"https:\/\/www.latramuntana.com\/ca\/wp-json\/wp\/v2\/nota-premsa\/11247","targetHints":{"allow":["GET"]}}],"collection":[{"href":"https:\/\/www.latramuntana.com\/ca\/wp-json\/wp\/v2\/nota-premsa"}],"about":[{"href":"https:\/\/www.latramuntana.com\/ca\/wp-json\/wp\/v2\/types\/nota-premsa"}],"wp:featuredmedia":[{"embeddable":true,"href":"https:\/\/www.latramuntana.com\/ca\/wp-json\/wp\/v2\/media\/11264"}],"wp:attachment":[{"href":"https:\/\/www.latramuntana.com\/ca\/wp-json\/wp\/v2\/media?parent=11247"}],"curies":[{"name":"wp","href":"https:\/\/api.w.org\/{rel}","templated":true}]}}