{"id":10197,"date":"2025-02-26T16:23:27","date_gmt":"2025-02-26T15:23:27","guid":{"rendered":"https:\/\/www.latramuntana.com\/?page_id=10197"},"modified":"2025-07-15T17:51:08","modified_gmt":"2025-07-15T15:51:08","slug":"80-aniversario","status":"publish","type":"page","link":"https:\/\/www.latramuntana.com\/es\/80-aniversario\/","title":{"rendered":"80 aniversario"},"content":{"rendered":"\t\t<div data-elementor-type=\"wp-page\" data-elementor-id=\"10197\" class=\"elementor elementor-10197 elementor-10194\" data-elementor-post-type=\"page\">\n\t\t\t\t<div class=\"elementor-element elementor-element-3b1464fc e-flex e-con-boxed e-con e-parent\" data-id=\"3b1464fc\" data-element_type=\"container\" data-e-type=\"container\" data-settings=\"{&quot;background_background&quot;:&quot;classic&quot;}\">\n\t\t\t\t\t<div class=\"e-con-inner\">\n\t\t\t\t<div class=\"elementor-element elementor-element-75232f6a elementor-widget elementor-widget-heading\" data-id=\"75232f6a\" data-element_type=\"widget\" data-e-type=\"widget\" data-widget_type=\"heading.default\">\n\t\t\t\t<div class=\"elementor-widget-container\">\n\t\t\t\t\t<h1 class=\"elementor-heading-title elementor-size-default\">Grupo Tramuntana: <br>\n<strong>80 a\u00f1os de historia<\/strong>, comercio y futuro en La Jonquera y El Port\u00fas<\/h1>\t\t\t\t<\/div>\n\t\t\t\t<\/div>\n\t\t\t\t<div class=\"elementor-element elementor-element-582c9092 elementor-widget-divider--view-line elementor-widget elementor-widget-divider\" data-id=\"582c9092\" data-element_type=\"widget\" data-e-type=\"widget\" data-widget_type=\"divider.default\">\n\t\t\t\t<div class=\"elementor-widget-container\">\n\t\t\t\t\t\t\t<div class=\"elementor-divider\">\n\t\t\t<span class=\"elementor-divider-separator\">\n\t\t\t\t\t\t<\/span>\n\t\t<\/div>\n\t\t\t\t\t\t<\/div>\n\t\t\t\t<\/div>\n\t\t\t\t<div class=\"elementor-element elementor-element-45ebcaec elementor-widget elementor-widget-text-editor\" data-id=\"45ebcaec\" data-element_type=\"widget\" data-e-type=\"widget\" data-widget_type=\"text-editor.default\">\n\t\t\t\t<div class=\"elementor-widget-container\">\n\t\t\t\t\t\t\t\t\t<p>El <strong>Grupo Tramuntana<\/strong>, empresa l\u00edder en el sector del <strong>comercio transfronterizo en La Jonquera y El Pert\u00fas<\/strong>, celebra su <strong>80\u00ba aniversario<\/strong> reafirmando su compromiso con la innovaci\u00f3n y el territorio.<\/p><p>Desde sus inicios como un peque\u00f1o negocio familiar, ha crecido hasta convertirse en un referente del <strong>comercio, la inversi\u00f3n y el desarrollo econ\u00f3mico del Empord\u00e0<\/strong>. Ahora, con la mirada puesta en el futuro, presenta un ambicioso plan de expansi\u00f3n y modernizaci\u00f3n.<\/p>\t\t\t\t\t\t\t\t<\/div>\n\t\t\t\t<\/div>\n\t\t\t\t\t<\/div>\n\t\t\t\t<\/div>\n\t\t<div class=\"elementor-element elementor-element-53fd04b7 e-flex e-con-boxed e-con e-parent\" data-id=\"53fd04b7\" data-element_type=\"container\" data-e-type=\"container\">\n\t\t\t\t\t<div class=\"e-con-inner\">\n\t\t<div class=\"elementor-element elementor-element-70119afc e-con-full e-flex e-con e-child\" data-id=\"70119afc\" data-element_type=\"container\" data-e-type=\"container\">\n\t\t<div class=\"elementor-element elementor-element-566fc564 e-con-full e-flex e-con e-child\" data-id=\"566fc564\" data-element_type=\"container\" data-e-type=\"container\">\n\t\t\t\t<div class=\"elementor-element elementor-element-54754c1d elementor-widget__width-auto elementor-widget elementor-widget-heading\" data-id=\"54754c1d\" data-element_type=\"widget\" data-e-type=\"widget\" data-widget_type=\"heading.default\">\n\t\t\t\t<div class=\"elementor-widget-container\">\n\t\t\t\t\t<h2 class=\"elementor-heading-title elementor-size-default\">Nuestra fuerza, nuestra gente<\/h2>\t\t\t\t<\/div>\n\t\t\t\t<\/div>\n\t\t\t\t<div class=\"elementor-element elementor-element-29b28673 elementor-widget__width-auto elementor-widget-divider--view-line elementor-widget elementor-widget-divider\" data-id=\"29b28673\" data-element_type=\"widget\" data-e-type=\"widget\" data-widget_type=\"divider.default\">\n\t\t\t\t<div class=\"elementor-widget-container\">\n\t\t\t\t\t\t\t<div class=\"elementor-divider\">\n\t\t\t<span class=\"elementor-divider-separator\">\n\t\t\t\t\t\t<\/span>\n\t\t<\/div>\n\t\t\t\t\t\t<\/div>\n\t\t\t\t<\/div>\n\t\t\t\t<\/div>\n\t\t<div class=\"elementor-element elementor-element-7a10f163 e-con-full e-flex e-con e-child\" data-id=\"7a10f163\" data-element_type=\"container\" data-e-type=\"container\">\n\t\t\t\t<div class=\"elementor-element elementor-element-cd51ee5 elementor-widget elementor-widget-video\" data-id=\"cd51ee5\" data-element_type=\"widget\" data-e-type=\"widget\" data-settings=\"{&quot;youtube_url&quot;:&quot;https:\\\/\\\/www.youtube.com\\\/watch?v=TdMifh8QPtk&quot;,&quot;video_type&quot;:&quot;youtube&quot;,&quot;controls&quot;:&quot;yes&quot;}\" data-widget_type=\"video.default\">\n\t\t\t\t<div class=\"elementor-widget-container\">\n\t\t\t\t\t\t\t<div class=\"elementor-wrapper elementor-open-inline\">\n\t\t\t<div class=\"elementor-video\"><\/div>\t\t<\/div>\n\t\t\t\t\t\t<\/div>\n\t\t\t\t<\/div>\n\t\t\t\t<\/div>\n\t\t\t\t<div class=\"elementor-element elementor-element-b3e65b0 elementor-widget elementor-widget-spacer\" data-id=\"b3e65b0\" data-element_type=\"widget\" data-e-type=\"widget\" data-widget_type=\"spacer.default\">\n\t\t\t\t<div class=\"elementor-widget-container\">\n\t\t\t\t\t\t\t<div class=\"elementor-spacer\">\n\t\t\t<div class=\"elementor-spacer-inner\"><\/div>\n\t\t<\/div>\n\t\t\t\t\t\t<\/div>\n\t\t\t\t<\/div>\n\t\t<div class=\"elementor-element elementor-element-e7cc9f3 e-con-full e-flex e-con e-child\" data-id=\"e7cc9f3\" data-element_type=\"container\" data-e-type=\"container\">\n\t\t\t\t<div class=\"elementor-element elementor-element-c0e341d elementor-widget__width-auto elementor-widget elementor-widget-heading\" data-id=\"c0e341d\" data-element_type=\"widget\" data-e-type=\"widget\" data-widget_type=\"heading.default\">\n\t\t\t\t<div class=\"elementor-widget-container\">\n\t\t\t\t\t<h2 class=\"elementor-heading-title elementor-size-default\">Crecimiento<\/h2>\t\t\t\t<\/div>\n\t\t\t\t<\/div>\n\t\t\t\t<div class=\"elementor-element elementor-element-cef53bd elementor-widget__width-auto elementor-widget-divider--view-line elementor-widget elementor-widget-divider\" data-id=\"cef53bd\" data-element_type=\"widget\" data-e-type=\"widget\" data-widget_type=\"divider.default\">\n\t\t\t\t<div class=\"elementor-widget-container\">\n\t\t\t\t\t\t\t<div class=\"elementor-divider\">\n\t\t\t<span class=\"elementor-divider-separator\">\n\t\t\t\t\t\t<\/span>\n\t\t<\/div>\n\t\t\t\t\t\t<\/div>\n\t\t\t\t<\/div>\n\t\t\t\t<\/div>\n\t\t<div class=\"elementor-element elementor-element-4297f4b e-con-full e-flex e-con e-child\" data-id=\"4297f4b\" data-element_type=\"container\" data-e-type=\"container\">\n\t\t\t\t<div class=\"elementor-element elementor-element-da9c369 elementor-widget-mobile__width-inherit elementor-widget elementor-widget-heading\" data-id=\"da9c369\" data-element_type=\"widget\" data-e-type=\"widget\" data-widget_type=\"heading.default\">\n\t\t\t\t<div class=\"elementor-widget-container\">\n\t\t\t\t\t<p class=\"elementor-heading-title elementor-size-default\"><strong>Inversiones estrat\u00e9gicas para el futuro del Grupo Tramuntana<\/strong><\/p>\t\t\t\t<\/div>\n\t\t\t\t<\/div>\n\t\t\t\t<\/div>\n\t\t\t\t<\/div>\n\t\t<div class=\"elementor-element elementor-element-5a6bc60a e-con-full e-flex e-con e-child\" data-id=\"5a6bc60a\" data-element_type=\"container\" data-e-type=\"container\">\n\t\t\t\t<div class=\"elementor-element elementor-element-49d7a3c0 elementor-widget elementor-widget-text-editor\" data-id=\"49d7a3c0\" data-element_type=\"widget\" data-e-type=\"widget\" data-widget_type=\"text-editor.default\">\n\t\t\t\t<div class=\"elementor-widget-container\">\n\t\t\t\t\t\t\t\t\t<p>Para seguir creciendo y fortaleciendo su presencia en el <strong>sector comercial y tur\u00edstico de La Jonquera y El Pert\u00fas<\/strong>, el <strong>Grupo Tramuntana<\/strong> ha impulsado una inversi\u00f3n de <strong>9 millones de euros<\/strong> con mejoras estrat\u00e9gicas:<\/p><p>\u2705 <strong>Nueva imagen corporativa<\/strong>, adaptada a las nuevas tendencias del sector. <br \/>\u2705 <strong>Reforma del supermercado Tramuntana 1<\/strong> (El Pert\u00fas) para mejorar la experiencia del cliente y la eficiencia energ\u00e9tica. <br \/>\u2705 <strong>Renovaci\u00f3n integral del Tramuntana 4<\/strong>, con un dise\u00f1o m\u00e1s moderno y funcional. <br \/>\u2705 <strong>Nuevo edificio en Mas del Pla<\/strong>, que ampliar\u00e1 la oferta comercial y generar\u00e1 <strong>5 0 nuevos puestos de trabajo<\/strong>. <br \/>\u2705 <strong>Modernizaci\u00f3n de las instalaciones comerciales<\/strong> para garantizar la competitividad en el mercado actual.<\/p><p><em>\u00abLos 80 a\u00f1os que celebramos hoy son solo el inicio de un futuro a\u00fan m\u00e1s prometedor.\u00bb<\/em><\/p><p>\u2013 <strong>Xim Raurich, Grup Tramuntana<\/strong><\/p>\t\t\t\t\t\t\t\t<\/div>\n\t\t\t\t<\/div>\n\t\t\t\t<div class=\"elementor-element elementor-element-5395bb80 elementor-widget elementor-widget-image\" data-id=\"5395bb80\" data-element_type=\"widget\" data-e-type=\"widget\" data-widget_type=\"image.default\">\n\t\t\t\t<div class=\"elementor-widget-container\">\n\t\t\t\t\t\t\t\t\t\t\t\t\t\t\t<img fetchpriority=\"high\" decoding=\"async\" width=\"800\" height=\"534\" src=\"https:\/\/www.latramuntana.com\/wp-content\/uploads\/2025\/02\/Tramuntana2-1024x683.webp\" class=\"attachment-large size-large wp-image-9492\" alt=\"Tramuntana2\" srcset=\"https:\/\/www.latramuntana.com\/wp-content\/uploads\/2025\/02\/Tramuntana2-1024x683.webp 1024w, https:\/\/www.latramuntana.com\/wp-content\/uploads\/2025\/02\/Tramuntana2-300x200.webp 300w, https:\/\/www.latramuntana.com\/wp-content\/uploads\/2025\/02\/Tramuntana2-768x512.webp 768w, https:\/\/www.latramuntana.com\/wp-content\/uploads\/2025\/02\/Tramuntana2-1536x1024.webp 1536w, https:\/\/www.latramuntana.com\/wp-content\/uploads\/2025\/02\/Tramuntana2.webp 1920w\" sizes=\"(max-width: 800px) 100vw, 800px\" \/>\t\t\t\t\t\t\t\t\t\t\t\t\t\t\t<\/div>\n\t\t\t\t<\/div>\n\t\t\t\t<\/div>\n\t\t\t\t\t<\/div>\n\t\t\t\t<\/div>\n\t\t<div class=\"elementor-element elementor-element-3370512 e-flex e-con-boxed e-con e-parent\" data-id=\"3370512\" data-element_type=\"container\" data-e-type=\"container\">\n\t\t\t\t\t<div class=\"e-con-inner\">\n\t\t<div class=\"elementor-element elementor-element-ac75786 e-con-full e-flex e-con e-child\" data-id=\"ac75786\" data-element_type=\"container\" data-e-type=\"container\">\n\t\t<div class=\"elementor-element elementor-element-a15d947 e-con-full e-flex e-con e-child\" data-id=\"a15d947\" data-element_type=\"container\" data-e-type=\"container\">\n\t\t\t\t<div class=\"elementor-element elementor-element-efcfcdc elementor-widget__width-auto elementor-widget elementor-widget-heading\" data-id=\"efcfcdc\" data-element_type=\"widget\" data-e-type=\"widget\" data-widget_type=\"heading.default\">\n\t\t\t\t<div class=\"elementor-widget-container\">\n\t\t\t\t\t<h2 class=\"elementor-heading-title elementor-size-default\">Legado<\/h2>\t\t\t\t<\/div>\n\t\t\t\t<\/div>\n\t\t\t\t<div class=\"elementor-element elementor-element-7a8de06 elementor-widget__width-auto elementor-widget-divider--view-line elementor-widget elementor-widget-divider\" data-id=\"7a8de06\" data-element_type=\"widget\" data-e-type=\"widget\" data-widget_type=\"divider.default\">\n\t\t\t\t<div class=\"elementor-widget-container\">\n\t\t\t\t\t\t\t<div class=\"elementor-divider\">\n\t\t\t<span class=\"elementor-divider-separator\">\n\t\t\t\t\t\t<\/span>\n\t\t<\/div>\n\t\t\t\t\t\t<\/div>\n\t\t\t\t<\/div>\n\t\t\t\t<\/div>\n\t\t<div class=\"elementor-element elementor-element-b703a64 e-con-full e-flex e-con e-child\" data-id=\"b703a64\" data-element_type=\"container\" data-e-type=\"container\">\n\t\t\t\t<div class=\"elementor-element elementor-element-fdc1ba6 elementor-widget-mobile__width-inherit elementor-widget elementor-widget-heading\" data-id=\"fdc1ba6\" data-element_type=\"widget\" data-e-type=\"widget\" data-widget_type=\"heading.default\">\n\t\t\t\t<div class=\"elementor-widget-container\">\n\t\t\t\t\t<p class=\"elementor-heading-title elementor-size-default\"><strong>Un legado de familia, liderazgo femenino y crecimiento sostenido<\/strong><\/p>\t\t\t\t<\/div>\n\t\t\t\t<\/div>\n\t\t\t\t<\/div>\n\t\t\t\t<\/div>\n\t\t<div class=\"elementor-element elementor-element-83a7875 e-con-full e-flex e-con e-child\" data-id=\"83a7875\" data-element_type=\"container\" data-e-type=\"container\">\n\t\t\t\t<div class=\"elementor-element elementor-element-a07b4dd elementor-widget elementor-widget-text-editor\" data-id=\"a07b4dd\" data-element_type=\"widget\" data-e-type=\"widget\" data-widget_type=\"text-editor.default\">\n\t\t\t\t<div class=\"elementor-widget-container\">\n\t\t\t\t\t\t\t\t\t<p>El \u00e9xito del <strong>Grupo Tramuntana<\/strong> es el resultado de una historia de generaciones trabajando juntos. Desde sus inicios, <strong>las mujeres de la familia han tenido un papel clave<\/strong> en la gesti\u00f3n y la expansi\u00f3n de la empresa, consinti\u00e9ndola como un modelo de<strong> empresa familiar de \u00e9xito en L&#8217;Empord\u00e0<\/strong>.<\/p><p><em>\u00abEl Grupo Tramuntana es, sobre todo, una historia de personas y de familia, donde el respeto y el trabajo conjunto nos han hecho llegar hasta aqu\u00ed. Las mujeres de la familia siempre han sido parte esencial de la evoluci\u00f3n del proyecto.\u00bb<br \/><\/em><span style=\"color: var( --e-global-color-text ); text-align: var(--text-align);\">&#8211; <\/span><strong style=\"color: var( --e-global-color-text ); text-align: var(--text-align);\">Assumpta Raurich<\/strong><strong style=\"color: var( --e-global-color-text ); text-align: var(--text-align);\">, Grupo Tramuntana<\/strong><\/p>\t\t\t\t\t\t\t\t<\/div>\n\t\t\t\t<\/div>\n\t\t\t\t<div class=\"elementor-element elementor-element-786f34b elementor-widget elementor-widget-image\" data-id=\"786f34b\" data-element_type=\"widget\" data-e-type=\"widget\" data-widget_type=\"image.default\">\n\t\t\t\t<div class=\"elementor-widget-container\">\n\t\t\t\t\t\t\t\t\t\t\t\t\t\t\t<img decoding=\"async\" width=\"800\" height=\"685\" src=\"https:\/\/www.latramuntana.com\/wp-content\/uploads\/2025\/02\/FOTO-LLEGAT-1024x877.webp\" class=\"attachment-large size-large wp-image-10207\" alt=\"FOTO LLEGAT\" srcset=\"https:\/\/www.latramuntana.com\/wp-content\/uploads\/2025\/02\/FOTO-LLEGAT-1024x877.webp 1024w, https:\/\/www.latramuntana.com\/wp-content\/uploads\/2025\/02\/FOTO-LLEGAT-300x257.webp 300w, https:\/\/www.latramuntana.com\/wp-content\/uploads\/2025\/02\/FOTO-LLEGAT-768x657.webp 768w, https:\/\/www.latramuntana.com\/wp-content\/uploads\/2025\/02\/FOTO-LLEGAT.webp 1528w\" sizes=\"(max-width: 800px) 100vw, 800px\" \/>\t\t\t\t\t\t\t\t\t\t\t\t\t\t\t<\/div>\n\t\t\t\t<\/div>\n\t\t\t\t<div class=\"elementor-element elementor-element-5c0bb77 elementor-widget elementor-widget-spacer\" data-id=\"5c0bb77\" data-element_type=\"widget\" data-e-type=\"widget\" data-widget_type=\"spacer.default\">\n\t\t\t\t<div class=\"elementor-widget-container\">\n\t\t\t\t\t\t\t<div class=\"elementor-spacer\">\n\t\t\t<div class=\"elementor-spacer-inner\"><\/div>\n\t\t<\/div>\n\t\t\t\t\t\t<\/div>\n\t\t\t\t<\/div>\n\t\t\t\t<div class=\"elementor-element elementor-element-2be4c4b elementor-widget elementor-widget-heading\" data-id=\"2be4c4b\" data-element_type=\"widget\" data-e-type=\"widget\" data-widget_type=\"heading.default\">\n\t\t\t\t<div class=\"elementor-widget-container\">\n\t\t\t\t\t<h5 class=\"elementor-heading-title elementor-size-default\">Cortometraje documental de Elisenda Raurich<\/h5>\t\t\t\t<\/div>\n\t\t\t\t<\/div>\n\t\t\t\t<div class=\"elementor-element elementor-element-6d9dc0b elementor-widget elementor-widget-text-editor\" data-id=\"6d9dc0b\" data-element_type=\"widget\" data-e-type=\"widget\" data-widget_type=\"text-editor.default\">\n\t\t\t\t<div class=\"elementor-widget-container\">\n\t\t\t\t\t\t\t\t\t<p>Recopilaci\u00f3n filmogr\u00e1fica de los a\u00f1os 60 hasta los 90, de pel\u00edculas super 8 de Josep Raurich.<\/p>\t\t\t\t\t\t\t\t<\/div>\n\t\t\t\t<\/div>\n\t\t\t\t<div class=\"elementor-element elementor-element-968a86f elementor-widget elementor-widget-video\" data-id=\"968a86f\" data-element_type=\"widget\" data-e-type=\"widget\" data-settings=\"{&quot;video_type&quot;:&quot;vimeo&quot;}\" data-widget_type=\"video.default\">\n\t\t\t\t<div class=\"elementor-widget-container\">\n\t\t\t\t\t\t\t<div class=\"elementor-wrapper elementor-open-inline\">\n\t\t\t<iframe class=\"elementor-video-iframe\" allowfullscreen allow=\"clipboard-write\" title=\"Reproductor de v\u00eddeo vimeo\" src=\"https:\/\/player.vimeo.com\/video\/1099940612?color&amp;autopause=0&amp;loop=0&amp;muted=0&amp;title=1&amp;portrait=1&amp;byline=1#t=\"><\/iframe>\t\t<\/div>\n\t\t\t\t\t\t<\/div>\n\t\t\t\t<\/div>\n\t\t\t\t<\/div>\n\t\t\t\t\t<\/div>\n\t\t\t\t<\/div>\n\t\t<div class=\"elementor-element elementor-element-46f69df e-flex e-con-boxed e-con e-parent\" data-id=\"46f69df\" data-element_type=\"container\" data-e-type=\"container\">\n\t\t\t\t\t<div class=\"e-con-inner\">\n\t\t<div class=\"elementor-element elementor-element-955c4b3 e-con-full e-flex e-con e-child\" data-id=\"955c4b3\" data-element_type=\"container\" data-e-type=\"container\">\n\t\t<div class=\"elementor-element elementor-element-35abf69 e-con-full e-flex e-con e-child\" data-id=\"35abf69\" data-element_type=\"container\" data-e-type=\"container\">\n\t\t\t\t<div class=\"elementor-element elementor-element-4230e137 elementor-widget__width-auto elementor-widget elementor-widget-heading\" data-id=\"4230e137\" data-element_type=\"widget\" data-e-type=\"widget\" data-widget_type=\"heading.default\">\n\t\t\t\t<div class=\"elementor-widget-container\">\n\t\t\t\t\t<h2 class=\"elementor-heading-title elementor-size-default\">Calendario<\/h2>\t\t\t\t<\/div>\n\t\t\t\t<\/div>\n\t\t\t\t<div class=\"elementor-element elementor-element-5f8b9816 elementor-widget__width-auto elementor-widget-divider--view-line elementor-widget elementor-widget-divider\" data-id=\"5f8b9816\" data-element_type=\"widget\" data-e-type=\"widget\" data-widget_type=\"divider.default\">\n\t\t\t\t<div class=\"elementor-widget-container\">\n\t\t\t\t\t\t\t<div class=\"elementor-divider\">\n\t\t\t<span class=\"elementor-divider-separator\">\n\t\t\t\t\t\t<\/span>\n\t\t<\/div>\n\t\t\t\t\t\t<\/div>\n\t\t\t\t<\/div>\n\t\t\t\t<\/div>\n\t\t<div class=\"elementor-element elementor-element-5343c0bf e-con-full e-flex e-con e-child\" data-id=\"5343c0bf\" data-element_type=\"container\" data-e-type=\"container\">\n\t\t\t\t<div class=\"elementor-element elementor-element-b20f858 elementor-widget-mobile__width-inherit elementor-widget elementor-widget-heading\" data-id=\"b20f858\" data-element_type=\"widget\" data-e-type=\"widget\" data-widget_type=\"heading.default\">\n\t\t\t\t<div class=\"elementor-widget-container\">\n\t\t\t\t\t<h3 class=\"elementor-heading-title elementor-size-default\"><strong>Programa de actos del 80\u00ba aniversario del Grupo Tramuntana <strong><\/h3>\t\t\t\t<\/div>\n\t\t\t\t<\/div>\n\t\t\t\t<\/div>\n\t\t<div class=\"elementor-element elementor-element-542fd3a5 e-con-full e-flex e-con e-child\" data-id=\"542fd3a5\" data-element_type=\"container\" data-e-type=\"container\">\n\t\t\t\t<div class=\"elementor-element elementor-element-1e98d3fa elementor-widget__width-auto elementor-widget-divider--view-line elementor-widget elementor-widget-divider\" data-id=\"1e98d3fa\" data-element_type=\"widget\" data-e-type=\"widget\" data-widget_type=\"divider.default\">\n\t\t\t\t<div class=\"elementor-widget-container\">\n\t\t\t\t\t\t\t<div class=\"elementor-divider\">\n\t\t\t<span class=\"elementor-divider-separator\">\n\t\t\t\t\t\t<\/span>\n\t\t<\/div>\n\t\t\t\t\t\t<\/div>\n\t\t\t\t<\/div>\n\t\t\t\t<\/div>\n\t\t\t\t<\/div>\n\t\t<div class=\"elementor-element elementor-element-60d8662e e-con-full e-flex e-con e-child\" data-id=\"60d8662e\" data-element_type=\"container\" data-e-type=\"container\">\n\t\t\t\t<div class=\"elementor-element elementor-element-3101d2ab elementor-widget elementor-widget-text-editor\" data-id=\"3101d2ab\" data-element_type=\"widget\" data-e-type=\"widget\" data-widget_type=\"text-editor.default\">\n\t\t\t\t<div class=\"elementor-widget-container\">\n\t\t\t\t\t\t\t\t\t<p>Para celebrar estos <strong>80 a\u00f1os de historia y comercio en La Jonquera y El Pert\u00fas<\/strong>, el <strong>Grupo Tramuntana<\/strong> organiza una serie de actos culturales, institucionales y deportivos abiertos a toda la comunidad:<\/p>\t\t\t\t\t\t\t\t<\/div>\n\t\t\t\t<\/div>\n\t\t\t\t<\/div>\n\t\t\t\t<div class=\"elementor-element elementor-element-ad4c20c elementor-widget-divider--view-line elementor-widget elementor-widget-divider\" data-id=\"ad4c20c\" data-element_type=\"widget\" data-e-type=\"widget\" data-widget_type=\"divider.default\">\n\t\t\t\t<div class=\"elementor-widget-container\">\n\t\t\t\t\t\t\t<div class=\"elementor-divider\">\n\t\t\t<span class=\"elementor-divider-separator\">\n\t\t\t\t\t\t<\/span>\n\t\t<\/div>\n\t\t\t\t\t\t<\/div>\n\t\t\t\t<\/div>\n\t\t<div class=\"elementor-element elementor-element-3bf15ab0 e-con-full e-flex e-con e-child\" data-id=\"3bf15ab0\" data-element_type=\"container\" data-e-type=\"container\">\n\t\t\t\t<div class=\"elementor-element elementor-element-6a28bc9b elementor-widget elementor-widget-jet-timeline\" data-id=\"6a28bc9b\" data-element_type=\"widget\" data-e-type=\"widget\" data-widget_type=\"jet-timeline.default\">\n\t\t\t\t<div class=\"elementor-widget-container\">\n\t\t\t\t\t<div class=\"elementor-jet-timeline jet-elements\"><div class=\"jet-timeline jet-timeline--align-center jet-timeline--align-top\">\n\t<div class=\"jet-timeline__line\"><div class=\"jet-timeline__line-progress\"><\/div><\/div>\n\t<div class=\"jet-timeline-list\"><div class=\"jet-timeline-item jet-timeline-item--animated elementor-repeater-item-db47ca5 jet-timeline-item--image-inside_after\">\n\t<div class=\"timeline-item__card\">\n\t\t<div class=\"timeline-item__card-inner\">\n\t\t\t\t\t\t\t\t<div class=\"timeline-item__card-content\">\n\t\t\t\t\t<div class=\"timeline-item__meta\"><\/div><h4 class=\"timeline-item__card-title\">\ud83d\uddd3\ufe0f 14 de febrero<\/h4><div class=\"timeline-item__card-desc\"><h5 class=\"subtitulo\">14 de febrero \u2013 Presentaci\u00f3n de los actos de celebraci\u00f3n del 80 aniversario del Grupo Tramuntana<\/h5>\n\ud83d\udccd Centro Cultural Can Laporta<\/div>\t\t\t\t<\/div>\n\t\t\t\t\t\t<\/div>\n\t\t<div class=\"timeline-item__card-arrow\"><\/div>\n\t<\/div>\n\t<div class=\"timeline-item__point\"><div class=\"timeline-item__point-content timeline-item__point-content--icon\"><span class=\"jet-elements-icon\"><svg xmlns=\"http:\/\/www.w3.org\/2000\/svg\" width=\"81\" height=\"82\" viewBox=\"0 0 81 82\" fill=\"none\"><rect y=\"0.64209\" width=\"81\" height=\"81\" rx=\"40.5\" fill=\"#F3F2F0\"><\/rect><path d=\"M45.7244 25.9911C37.8482 25.9911 31.4339 32.2792 31.4339 40.0166C31.4339 44.3429 34.7753 47.9078 39.0565 48.3763C39.0565 48.3763 39.0863 48.3763 39.1012 48.3763C39.1908 48.3909 39.2877 48.3909 39.3847 48.3909C39.5786 48.4056 39.7651 48.4202 39.9515 48.4202C39.9739 48.4202 39.9888 48.4202 40.0037 48.4202C44.0686 48.4202 47.4921 45.6239 48.3573 41.8906C48.581 40.9316 47.8575 40.0093 46.8506 40.0093H44.0686C43.457 40.0093 42.8976 40.368 42.6963 40.939C42.2935 42.0736 41.1598 42.8642 39.8471 42.7983C38.3405 42.7178 37.1397 41.5026 37.1397 40.0093C37.1397 35.3683 40.9883 31.5984 45.7095 31.5984C50.4307 31.5984 54.2793 35.3683 54.2793 40.0093C54.2793 47.7394 47.8725 54.0275 39.9888 54.0275C32.1052 54.0275 25.7058 47.7394 25.7058 40.0093C25.7058 38.7429 25.8326 37.4911 26.0712 36.2687C26.0861 36.1881 26.1011 36.1149 26.116 36.0344C26.2353 35.4781 26.377 34.9218 26.5411 34.3801C26.5784 34.2556 26.6232 34.1312 26.6605 34.0067C26.8395 33.4577 27.0408 32.9087 27.272 32.367C28.1372 30.3613 29.3157 28.5312 30.7925 26.9208C31.2027 26.4669 31.2101 25.7861 30.7701 25.3616L28.3461 22.9752C27.8911 22.5286 27.1378 22.5286 26.7052 22.9898C24.7287 25.1127 23.1549 27.5283 22.0063 30.1783C21.7005 30.8883 21.447 31.6057 21.2083 32.3377C21.171 32.4548 21.1262 32.5646 21.0964 32.6818C20.8801 33.3772 20.7011 34.0799 20.5519 34.7973C20.5221 34.9364 20.4923 35.0755 20.4699 35.2072C20.4326 35.4049 20.3878 35.5952 20.3505 35.7929H20.3804C20.1417 37.1837 20 38.5819 20 40.0093C20 50.8359 28.9726 59.6421 39.9963 59.6421C51.02 59.6421 60 50.8359 60 40.0093C60 32.2792 53.5931 25.9838 45.7095 25.9838\" fill=\"white\"><\/path><\/svg><\/span><\/div><\/div><div class=\"timeline-item__meta\"><\/div><\/div><div class=\"jet-timeline-item jet-timeline-item--animated elementor-repeater-item-09194bf jet-timeline-item--image-inside_after\">\n\t<div class=\"timeline-item__card\">\n\t\t<div class=\"timeline-item__card-inner\">\n\t\t\t\t\t\t\t\t<div class=\"timeline-item__card-content\">\n\t\t\t\t\t<div class=\"timeline-item__meta\"><\/div><h4 class=\"timeline-item__card-title\">\ud83d\uddd3\ufe0f 14 de febrero<\/h4><div class=\"timeline-item__card-desc\"><h5 class=\"subtitulo\">Presentaci\u00f3n de los actos de celebraci\u00f3n del 80 aniversario del Grupo Tramuntana<\/h5>\n\ud83d\udccd Centro Cultural Can Laporta<\/div><div class=\"timeline-item__card-btn-wrap\"><a class=\"timeline-item__card-btn elementor-button elementor-size-md\" role=\"button\" href=\"https:\/\/www.latramuntana.com\/ca\/nota-premsa\/el-grup-tramuntana-celebra-80-anys-dexit-amb-una-inversio-de-9-milions-deuros-per-consolidar-el-seu-futur\/\" target=\"_blank\">Lee la noticia<\/a><\/div>\t\t\t\t<\/div>\n\t\t\t\t<div class=\"timeline-item__card-img\"><img decoding=\"async\" width=\"2560\" height=\"1920\" src=\"https:\/\/www.latramuntana.com\/wp-content\/uploads\/2025\/02\/FOTOS-PRESENTACIO-scaled.webp\" class=\"attachment-full size-full wp-image-10241\" alt=\"FOTOS PRESENTACI\u00d3\" srcset=\"https:\/\/www.latramuntana.com\/wp-content\/uploads\/2025\/02\/FOTOS-PRESENTACIO-scaled.webp 2560w, https:\/\/www.latramuntana.com\/wp-content\/uploads\/2025\/02\/FOTOS-PRESENTACIO-300x225.webp 300w, https:\/\/www.latramuntana.com\/wp-content\/uploads\/2025\/02\/FOTOS-PRESENTACIO-1024x768.webp 1024w, https:\/\/www.latramuntana.com\/wp-content\/uploads\/2025\/02\/FOTOS-PRESENTACIO-768x576.webp 768w, https:\/\/www.latramuntana.com\/wp-content\/uploads\/2025\/02\/FOTOS-PRESENTACIO-1536x1152.webp 1536w, https:\/\/www.latramuntana.com\/wp-content\/uploads\/2025\/02\/FOTOS-PRESENTACIO-2048x1536.webp 2048w\" sizes=\"(max-width: 2560px) 100vw, 2560px\" \/><\/div>\t\t<\/div>\n\t\t<div class=\"timeline-item__card-arrow\"><\/div>\n\t<\/div>\n\t<div class=\"timeline-item__point\"><div class=\"timeline-item__point-content timeline-item__point-content--icon\"><span class=\"jet-elements-icon\"><svg xmlns=\"http:\/\/www.w3.org\/2000\/svg\" width=\"81\" height=\"82\" viewBox=\"0 0 81 82\" fill=\"none\"><rect y=\"0.64209\" width=\"81\" height=\"81\" rx=\"40.5\" fill=\"#F3F2F0\"><\/rect><path d=\"M45.7244 25.9911C37.8482 25.9911 31.4339 32.2792 31.4339 40.0166C31.4339 44.3429 34.7753 47.9078 39.0565 48.3763C39.0565 48.3763 39.0863 48.3763 39.1012 48.3763C39.1908 48.3909 39.2877 48.3909 39.3847 48.3909C39.5786 48.4056 39.7651 48.4202 39.9515 48.4202C39.9739 48.4202 39.9888 48.4202 40.0037 48.4202C44.0686 48.4202 47.4921 45.6239 48.3573 41.8906C48.581 40.9316 47.8575 40.0093 46.8506 40.0093H44.0686C43.457 40.0093 42.8976 40.368 42.6963 40.939C42.2935 42.0736 41.1598 42.8642 39.8471 42.7983C38.3405 42.7178 37.1397 41.5026 37.1397 40.0093C37.1397 35.3683 40.9883 31.5984 45.7095 31.5984C50.4307 31.5984 54.2793 35.3683 54.2793 40.0093C54.2793 47.7394 47.8725 54.0275 39.9888 54.0275C32.1052 54.0275 25.7058 47.7394 25.7058 40.0093C25.7058 38.7429 25.8326 37.4911 26.0712 36.2687C26.0861 36.1881 26.1011 36.1149 26.116 36.0344C26.2353 35.4781 26.377 34.9218 26.5411 34.3801C26.5784 34.2556 26.6232 34.1312 26.6605 34.0067C26.8395 33.4577 27.0408 32.9087 27.272 32.367C28.1372 30.3613 29.3157 28.5312 30.7925 26.9208C31.2027 26.4669 31.2101 25.7861 30.7701 25.3616L28.3461 22.9752C27.8911 22.5286 27.1378 22.5286 26.7052 22.9898C24.7287 25.1127 23.1549 27.5283 22.0063 30.1783C21.7005 30.8883 21.447 31.6057 21.2083 32.3377C21.171 32.4548 21.1262 32.5646 21.0964 32.6818C20.8801 33.3772 20.7011 34.0799 20.5519 34.7973C20.5221 34.9364 20.4923 35.0755 20.4699 35.2072C20.4326 35.4049 20.3878 35.5952 20.3505 35.7929H20.3804C20.1417 37.1837 20 38.5819 20 40.0093C20 50.8359 28.9726 59.6421 39.9963 59.6421C51.02 59.6421 60 50.8359 60 40.0093C60 32.2792 53.5931 25.9838 45.7095 25.9838\" fill=\"white\"><\/path><\/svg><\/span><\/div><\/div><div class=\"timeline-item__meta\"><\/div><\/div><div class=\"jet-timeline-item jet-timeline-item--animated elementor-repeater-item-429a001 jet-timeline-item--image-inside_after\">\n\t<div class=\"timeline-item__card\">\n\t\t<div class=\"timeline-item__card-inner\">\n\t\t\t\t\t\t\t\t<div class=\"timeline-item__card-content\">\n\t\t\t\t\t<div class=\"timeline-item__meta\"><\/div><h4 class=\"timeline-item__card-title\">\ud83e\udd7e Abril 2025 <\/h4><div class=\"timeline-item__card-desc\"><h5 class=\"subtitulo\">Inauguraci\u00f3n de la Ruta Tramuntana, recorrido circular entre La Jonquera y El Port\u00fas <\/h5>\nEn colaboraci\u00f3n con el GAT y el Ayuntamiento de La Jonquera<\/div>\t\t\t\t<\/div>\n\t\t\t\t<div class=\"timeline-item__card-img\"><img loading=\"lazy\" decoding=\"async\" width=\"1280\" height=\"827\" src=\"https:\/\/www.latramuntana.com\/wp-content\/uploads\/2025\/02\/Ruta-Tramunana-OK.webp\" class=\"attachment-full size-full wp-image-10450\" alt=\"\" srcset=\"https:\/\/www.latramuntana.com\/wp-content\/uploads\/2025\/02\/Ruta-Tramunana-OK.webp 1280w, https:\/\/www.latramuntana.com\/wp-content\/uploads\/2025\/02\/Ruta-Tramunana-OK-300x194.webp 300w, https:\/\/www.latramuntana.com\/wp-content\/uploads\/2025\/02\/Ruta-Tramunana-OK-1024x662.webp 1024w, https:\/\/www.latramuntana.com\/wp-content\/uploads\/2025\/02\/Ruta-Tramunana-OK-768x496.webp 768w\" sizes=\"(max-width: 1280px) 100vw, 1280px\" \/><\/div>\t\t<\/div>\n\t\t<div class=\"timeline-item__card-arrow\"><\/div>\n\t<\/div>\n\t<div class=\"timeline-item__point\"><div class=\"timeline-item__point-content timeline-item__point-content--icon\"><span class=\"jet-elements-icon\"><svg xmlns=\"http:\/\/www.w3.org\/2000\/svg\" width=\"81\" height=\"82\" viewBox=\"0 0 81 82\" fill=\"none\"><rect y=\"0.64209\" width=\"81\" height=\"81\" rx=\"40.5\" fill=\"#DD5B65\"><\/rect><path d=\"M45.7244 25.9911C37.8482 25.9911 31.4339 32.2792 31.4339 40.0166C31.4339 44.3429 34.7753 47.9078 39.0565 48.3763C39.0565 48.3763 39.0863 48.3763 39.1012 48.3763C39.1908 48.3909 39.2877 48.3909 39.3847 48.3909C39.5786 48.4056 39.7651 48.4202 39.9515 48.4202C39.9739 48.4202 39.9888 48.4202 40.0037 48.4202C44.0686 48.4202 47.4921 45.6239 48.3573 41.8906C48.581 40.9316 47.8575 40.0093 46.8506 40.0093H44.0686C43.457 40.0093 42.8976 40.368 42.6963 40.939C42.2935 42.0736 41.1598 42.8642 39.8471 42.7983C38.3405 42.7178 37.1397 41.5026 37.1397 40.0093C37.1397 35.3683 40.9883 31.5984 45.7095 31.5984C50.4307 31.5984 54.2793 35.3683 54.2793 40.0093C54.2793 47.7394 47.8725 54.0275 39.9888 54.0275C32.1052 54.0275 25.7058 47.7394 25.7058 40.0093C25.7058 38.7429 25.8326 37.4911 26.0712 36.2687C26.0861 36.1881 26.1011 36.1149 26.116 36.0344C26.2353 35.4781 26.377 34.9218 26.5411 34.3801C26.5784 34.2556 26.6232 34.1312 26.6605 34.0067C26.8395 33.4577 27.0408 32.9087 27.272 32.367C28.1372 30.3613 29.3157 28.5312 30.7925 26.9208C31.2027 26.4669 31.2101 25.7861 30.7701 25.3616L28.3461 22.9752C27.8911 22.5286 27.1378 22.5286 26.7052 22.9898C24.7287 25.1127 23.1549 27.5283 22.0063 30.1783C21.7005 30.8883 21.447 31.6057 21.2083 32.3377C21.171 32.4548 21.1262 32.5646 21.0964 32.6818C20.8801 33.3772 20.7011 34.0799 20.5519 34.7973C20.5221 34.9364 20.4923 35.0755 20.4699 35.2072C20.4326 35.4049 20.3878 35.5952 20.3505 35.7929H20.3804C20.1417 37.1837 20 38.5819 20 40.0093C20 50.8359 28.9726 59.6421 39.9963 59.6421C51.02 59.6421 60 50.8359 60 40.0093C60 32.2792 53.5931 25.9838 45.7095 25.9838\" fill=\"#FEEC6B\"><\/path><\/svg><\/span><\/div><\/div><div class=\"timeline-item__meta\"><\/div><\/div><div class=\"jet-timeline-item jet-timeline-item--animated elementor-repeater-item-8f0f524 jet-timeline-item--image-inside_after\">\n\t<div class=\"timeline-item__card\">\n\t\t<div class=\"timeline-item__card-inner\">\n\t\t\t\t\t\t\t\t<div class=\"timeline-item__card-content\">\n\t\t\t\t\t<div class=\"timeline-item__meta\"><\/div><h4 class=\"timeline-item__card-title\">\ud83d\uddd3\ufe0f 15 de abril <\/h4><div class=\"timeline-item__card-desc\"><h5 class=\"subtitulo\">Presentaci\u00f3n del libro 80 a\u00f1os del Grupo Tramuntana, con texto de Aida Vilar y fotograf\u00edas de archivo<\/h5>\n\ud83d\udccd Sociedad Uni\u00f3 Jonquerenca<\/div><div class=\"timeline-item__card-btn-wrap\"><a class=\"timeline-item__card-btn elementor-button elementor-size-md\" role=\"button\" href=\"https:\/\/www.latramuntana.com\/ca\/nota-premsa\/el-grup-tramuntana-celebra-els-80-anys-dhistoria-amb-una-emotiva-presentacio-del-llibre-commemoratiu-a-la-jonquera\/\">Lee la noticia<\/a><\/div>\t\t\t\t<\/div>\n\t\t\t\t<div class=\"timeline-item__card-img\"><img loading=\"lazy\" decoding=\"async\" width=\"2560\" height=\"1742\" src=\"https:\/\/www.latramuntana.com\/wp-content\/uploads\/2025\/02\/FOTO-LLIBRE-2-scaled.webp\" class=\"attachment-full size-full wp-image-10245\" alt=\"FOTO LLIBRE 2\" srcset=\"https:\/\/www.latramuntana.com\/wp-content\/uploads\/2025\/02\/FOTO-LLIBRE-2-scaled.webp 2560w, https:\/\/www.latramuntana.com\/wp-content\/uploads\/2025\/02\/FOTO-LLIBRE-2-300x204.webp 300w, https:\/\/www.latramuntana.com\/wp-content\/uploads\/2025\/02\/FOTO-LLIBRE-2-1024x697.webp 1024w, https:\/\/www.latramuntana.com\/wp-content\/uploads\/2025\/02\/FOTO-LLIBRE-2-768x523.webp 768w, https:\/\/www.latramuntana.com\/wp-content\/uploads\/2025\/02\/FOTO-LLIBRE-2-1536x1045.webp 1536w, https:\/\/www.latramuntana.com\/wp-content\/uploads\/2025\/02\/FOTO-LLIBRE-2-2048x1394.webp 2048w\" sizes=\"(max-width: 2560px) 100vw, 2560px\" \/><\/div>\t\t<\/div>\n\t\t<div class=\"timeline-item__card-arrow\"><\/div>\n\t<\/div>\n\t<div class=\"timeline-item__point\"><div class=\"timeline-item__point-content timeline-item__point-content--icon\"><span class=\"jet-elements-icon\"><svg xmlns=\"http:\/\/www.w3.org\/2000\/svg\" width=\"81\" height=\"82\" viewBox=\"0 0 81 82\" fill=\"none\"><rect y=\"0.64209\" width=\"81\" height=\"81\" rx=\"40.5\" fill=\"#DD5B65\"><\/rect><path d=\"M45.7244 25.9911C37.8482 25.9911 31.4339 32.2792 31.4339 40.0166C31.4339 44.3429 34.7753 47.9078 39.0565 48.3763C39.0565 48.3763 39.0863 48.3763 39.1012 48.3763C39.1908 48.3909 39.2877 48.3909 39.3847 48.3909C39.5786 48.4056 39.7651 48.4202 39.9515 48.4202C39.9739 48.4202 39.9888 48.4202 40.0037 48.4202C44.0686 48.4202 47.4921 45.6239 48.3573 41.8906C48.581 40.9316 47.8575 40.0093 46.8506 40.0093H44.0686C43.457 40.0093 42.8976 40.368 42.6963 40.939C42.2935 42.0736 41.1598 42.8642 39.8471 42.7983C38.3405 42.7178 37.1397 41.5026 37.1397 40.0093C37.1397 35.3683 40.9883 31.5984 45.7095 31.5984C50.4307 31.5984 54.2793 35.3683 54.2793 40.0093C54.2793 47.7394 47.8725 54.0275 39.9888 54.0275C32.1052 54.0275 25.7058 47.7394 25.7058 40.0093C25.7058 38.7429 25.8326 37.4911 26.0712 36.2687C26.0861 36.1881 26.1011 36.1149 26.116 36.0344C26.2353 35.4781 26.377 34.9218 26.5411 34.3801C26.5784 34.2556 26.6232 34.1312 26.6605 34.0067C26.8395 33.4577 27.0408 32.9087 27.272 32.367C28.1372 30.3613 29.3157 28.5312 30.7925 26.9208C31.2027 26.4669 31.2101 25.7861 30.7701 25.3616L28.3461 22.9752C27.8911 22.5286 27.1378 22.5286 26.7052 22.9898C24.7287 25.1127 23.1549 27.5283 22.0063 30.1783C21.7005 30.8883 21.447 31.6057 21.2083 32.3377C21.171 32.4548 21.1262 32.5646 21.0964 32.6818C20.8801 33.3772 20.7011 34.0799 20.5519 34.7973C20.5221 34.9364 20.4923 35.0755 20.4699 35.2072C20.4326 35.4049 20.3878 35.5952 20.3505 35.7929H20.3804C20.1417 37.1837 20 38.5819 20 40.0093C20 50.8359 28.9726 59.6421 39.9963 59.6421C51.02 59.6421 60 50.8359 60 40.0093C60 32.2792 53.5931 25.9838 45.7095 25.9838\" fill=\"#FEEC6B\"><\/path><\/svg><\/span><\/div><\/div><div class=\"timeline-item__meta\"><\/div><\/div><div class=\"jet-timeline-item jet-timeline-item--animated elementor-repeater-item-dd40dab jet-timeline-item--image-inside_after\">\n\t<div class=\"timeline-item__card\">\n\t\t<div class=\"timeline-item__card-inner\">\n\t\t\t\t\t\t\t\t<div class=\"timeline-item__card-content\">\n\t\t\t\t\t<div class=\"timeline-item__meta\"><\/div><h4 class=\"timeline-item__card-title\">\ud83d\uddd3\ufe0f 29 de mayo<\/h4><div class=\"timeline-item__card-desc\"><h5 class=\"subtitulo\">Acto institucional y conferencia de Carles Torrecilla sobre econom\u00eda e innovaci\u00f3n<\/h5>\n\ud83d\udccd Convento de Caputxins, Figueres<\/div>\t\t\t\t<\/div>\n\t\t\t\t<div class=\"timeline-item__card-img\"><img loading=\"lazy\" decoding=\"async\" width=\"1280\" height=\"896\" src=\"https:\/\/www.latramuntana.com\/wp-content\/uploads\/2025\/03\/29-maig.webp\" class=\"attachment-full size-full wp-image-10584\" alt=\"\" srcset=\"https:\/\/www.latramuntana.com\/wp-content\/uploads\/2025\/03\/29-maig.webp 1280w, https:\/\/www.latramuntana.com\/wp-content\/uploads\/2025\/03\/29-maig-300x210.webp 300w, https:\/\/www.latramuntana.com\/wp-content\/uploads\/2025\/03\/29-maig-1024x717.webp 1024w, https:\/\/www.latramuntana.com\/wp-content\/uploads\/2025\/03\/29-maig-768x538.webp 768w\" sizes=\"(max-width: 1280px) 100vw, 1280px\" \/><\/div>\t\t<\/div>\n\t\t<div class=\"timeline-item__card-arrow\"><\/div>\n\t<\/div>\n\t<div class=\"timeline-item__point\"><div class=\"timeline-item__point-content timeline-item__point-content--icon\"><span class=\"jet-elements-icon\"><svg xmlns=\"http:\/\/www.w3.org\/2000\/svg\" width=\"81\" height=\"82\" viewBox=\"0 0 81 82\" fill=\"none\"><rect y=\"0.64209\" width=\"81\" height=\"81\" rx=\"40.5\" fill=\"#DD5B65\"><\/rect><path d=\"M45.7244 25.9911C37.8482 25.9911 31.4339 32.2792 31.4339 40.0166C31.4339 44.3429 34.7753 47.9078 39.0565 48.3763C39.0565 48.3763 39.0863 48.3763 39.1012 48.3763C39.1908 48.3909 39.2877 48.3909 39.3847 48.3909C39.5786 48.4056 39.7651 48.4202 39.9515 48.4202C39.9739 48.4202 39.9888 48.4202 40.0037 48.4202C44.0686 48.4202 47.4921 45.6239 48.3573 41.8906C48.581 40.9316 47.8575 40.0093 46.8506 40.0093H44.0686C43.457 40.0093 42.8976 40.368 42.6963 40.939C42.2935 42.0736 41.1598 42.8642 39.8471 42.7983C38.3405 42.7178 37.1397 41.5026 37.1397 40.0093C37.1397 35.3683 40.9883 31.5984 45.7095 31.5984C50.4307 31.5984 54.2793 35.3683 54.2793 40.0093C54.2793 47.7394 47.8725 54.0275 39.9888 54.0275C32.1052 54.0275 25.7058 47.7394 25.7058 40.0093C25.7058 38.7429 25.8326 37.4911 26.0712 36.2687C26.0861 36.1881 26.1011 36.1149 26.116 36.0344C26.2353 35.4781 26.377 34.9218 26.5411 34.3801C26.5784 34.2556 26.6232 34.1312 26.6605 34.0067C26.8395 33.4577 27.0408 32.9087 27.272 32.367C28.1372 30.3613 29.3157 28.5312 30.7925 26.9208C31.2027 26.4669 31.2101 25.7861 30.7701 25.3616L28.3461 22.9752C27.8911 22.5286 27.1378 22.5286 26.7052 22.9898C24.7287 25.1127 23.1549 27.5283 22.0063 30.1783C21.7005 30.8883 21.447 31.6057 21.2083 32.3377C21.171 32.4548 21.1262 32.5646 21.0964 32.6818C20.8801 33.3772 20.7011 34.0799 20.5519 34.7973C20.5221 34.9364 20.4923 35.0755 20.4699 35.2072C20.4326 35.4049 20.3878 35.5952 20.3505 35.7929H20.3804C20.1417 37.1837 20 38.5819 20 40.0093C20 50.8359 28.9726 59.6421 39.9963 59.6421C51.02 59.6421 60 50.8359 60 40.0093C60 32.2792 53.5931 25.9838 45.7095 25.9838\" fill=\"#FEEC6B\"><\/path><\/svg><\/span><\/div><\/div><div class=\"timeline-item__meta\"><\/div><\/div><div class=\"jet-timeline-item jet-timeline-item--animated elementor-repeater-item-b5dae0b jet-timeline-item--image-inside_after\">\n\t<div class=\"timeline-item__card\">\n\t\t<div class=\"timeline-item__card-inner\">\n\t\t\t\t\t\t\t\t<div class=\"timeline-item__card-content\">\n\t\t\t\t\t<div class=\"timeline-item__meta\"><\/div><h4 class=\"timeline-item__card-title\">\ud83d\udcf7 Julio 2025 <\/h4><div class=\"timeline-item__card-desc\"><h5 class=\"subtitulo\">Exposici\u00f3n Destino La Jonquera, en colaboraci\u00f3n con MUME, el INS La Jonquera y el Ayuntamiento<\/h5>\n\ud83d\udccd Carrer Major<\/div>\t\t\t\t<\/div>\n\t\t\t\t<div class=\"timeline-item__card-img\"><img loading=\"lazy\" decoding=\"async\" width=\"2560\" height=\"1632\" src=\"https:\/\/www.latramuntana.com\/wp-content\/uploads\/2025\/02\/Foto-expo-La-Jonquera-2-scaled.webp\" class=\"attachment-full size-full wp-image-10426\" alt=\"\" srcset=\"https:\/\/www.latramuntana.com\/wp-content\/uploads\/2025\/02\/Foto-expo-La-Jonquera-2-scaled.webp 2560w, https:\/\/www.latramuntana.com\/wp-content\/uploads\/2025\/02\/Foto-expo-La-Jonquera-2-300x191.webp 300w, https:\/\/www.latramuntana.com\/wp-content\/uploads\/2025\/02\/Foto-expo-La-Jonquera-2-1024x653.webp 1024w, https:\/\/www.latramuntana.com\/wp-content\/uploads\/2025\/02\/Foto-expo-La-Jonquera-2-768x490.webp 768w, https:\/\/www.latramuntana.com\/wp-content\/uploads\/2025\/02\/Foto-expo-La-Jonquera-2-1536x979.webp 1536w, https:\/\/www.latramuntana.com\/wp-content\/uploads\/2025\/02\/Foto-expo-La-Jonquera-2-2048x1306.webp 2048w\" sizes=\"(max-width: 2560px) 100vw, 2560px\" \/><\/div>\t\t<\/div>\n\t\t<div class=\"timeline-item__card-arrow\"><\/div>\n\t<\/div>\n\t<div class=\"timeline-item__point\"><div class=\"timeline-item__point-content timeline-item__point-content--icon\"><span class=\"jet-elements-icon\"><svg xmlns=\"http:\/\/www.w3.org\/2000\/svg\" width=\"81\" height=\"82\" viewBox=\"0 0 81 82\" fill=\"none\"><rect y=\"0.64209\" width=\"81\" height=\"81\" rx=\"40.5\" fill=\"#DD5B65\"><\/rect><path d=\"M45.7244 25.9911C37.8482 25.9911 31.4339 32.2792 31.4339 40.0166C31.4339 44.3429 34.7753 47.9078 39.0565 48.3763C39.0565 48.3763 39.0863 48.3763 39.1012 48.3763C39.1908 48.3909 39.2877 48.3909 39.3847 48.3909C39.5786 48.4056 39.7651 48.4202 39.9515 48.4202C39.9739 48.4202 39.9888 48.4202 40.0037 48.4202C44.0686 48.4202 47.4921 45.6239 48.3573 41.8906C48.581 40.9316 47.8575 40.0093 46.8506 40.0093H44.0686C43.457 40.0093 42.8976 40.368 42.6963 40.939C42.2935 42.0736 41.1598 42.8642 39.8471 42.7983C38.3405 42.7178 37.1397 41.5026 37.1397 40.0093C37.1397 35.3683 40.9883 31.5984 45.7095 31.5984C50.4307 31.5984 54.2793 35.3683 54.2793 40.0093C54.2793 47.7394 47.8725 54.0275 39.9888 54.0275C32.1052 54.0275 25.7058 47.7394 25.7058 40.0093C25.7058 38.7429 25.8326 37.4911 26.0712 36.2687C26.0861 36.1881 26.1011 36.1149 26.116 36.0344C26.2353 35.4781 26.377 34.9218 26.5411 34.3801C26.5784 34.2556 26.6232 34.1312 26.6605 34.0067C26.8395 33.4577 27.0408 32.9087 27.272 32.367C28.1372 30.3613 29.3157 28.5312 30.7925 26.9208C31.2027 26.4669 31.2101 25.7861 30.7701 25.3616L28.3461 22.9752C27.8911 22.5286 27.1378 22.5286 26.7052 22.9898C24.7287 25.1127 23.1549 27.5283 22.0063 30.1783C21.7005 30.8883 21.447 31.6057 21.2083 32.3377C21.171 32.4548 21.1262 32.5646 21.0964 32.6818C20.8801 33.3772 20.7011 34.0799 20.5519 34.7973C20.5221 34.9364 20.4923 35.0755 20.4699 35.2072C20.4326 35.4049 20.3878 35.5952 20.3505 35.7929H20.3804C20.1417 37.1837 20 38.5819 20 40.0093C20 50.8359 28.9726 59.6421 39.9963 59.6421C51.02 59.6421 60 50.8359 60 40.0093C60 32.2792 53.5931 25.9838 45.7095 25.9838\" fill=\"#FEEC6B\"><\/path><\/svg><\/span><\/div><\/div><div class=\"timeline-item__meta\"><\/div><\/div><div class=\"jet-timeline-item jet-timeline-item--animated elementor-repeater-item-1f50aaf jet-timeline-item--image-inside_after\">\n\t<div class=\"timeline-item__card\">\n\t\t<div class=\"timeline-item__card-inner\">\n\t\t\t\t\t\t\t\t<div class=\"timeline-item__card-content\">\n\t\t\t\t\t<div class=\"timeline-item__meta\"><\/div><h4 class=\"timeline-item__card-title\">\ud83c\udfb5 Septiembre<\/h4><div class=\"timeline-item__card-desc\"><h5 class=\"subtitulo\">Concierto de Quim Mandado y la Big Band de l'Alt Empord\u00e0, con adaptaciones de Sangtra\u00eft<\/h5>\n\ud83d\udccd Fiesta Mayor de La Jonquera<\/div>\t\t\t\t<\/div>\n\t\t\t\t<div class=\"timeline-item__card-img\"><img loading=\"lazy\" decoding=\"async\" width=\"2560\" height=\"1707\" src=\"https:\/\/www.latramuntana.com\/wp-content\/uploads\/2025\/02\/FOTO-BIG-BAND-scaled.webp\" class=\"attachment-full size-full wp-image-10269\" alt=\"\" srcset=\"https:\/\/www.latramuntana.com\/wp-content\/uploads\/2025\/02\/FOTO-BIG-BAND-scaled.webp 2560w, https:\/\/www.latramuntana.com\/wp-content\/uploads\/2025\/02\/FOTO-BIG-BAND-300x200.webp 300w, https:\/\/www.latramuntana.com\/wp-content\/uploads\/2025\/02\/FOTO-BIG-BAND-1024x683.webp 1024w, https:\/\/www.latramuntana.com\/wp-content\/uploads\/2025\/02\/FOTO-BIG-BAND-768x512.webp 768w, https:\/\/www.latramuntana.com\/wp-content\/uploads\/2025\/02\/FOTO-BIG-BAND-1536x1024.webp 1536w, https:\/\/www.latramuntana.com\/wp-content\/uploads\/2025\/02\/FOTO-BIG-BAND-2048x1365.webp 2048w\" sizes=\"(max-width: 2560px) 100vw, 2560px\" \/><\/div>\t\t<\/div>\n\t\t<div class=\"timeline-item__card-arrow\"><\/div>\n\t<\/div>\n\t<div class=\"timeline-item__point\"><div class=\"timeline-item__point-content timeline-item__point-content--icon\"><span class=\"jet-elements-icon\"><svg xmlns=\"http:\/\/www.w3.org\/2000\/svg\" width=\"81\" height=\"82\" viewBox=\"0 0 81 82\" fill=\"none\"><rect y=\"0.64209\" width=\"81\" height=\"81\" rx=\"40.5\" fill=\"#DD5B65\"><\/rect><path d=\"M45.7244 25.9911C37.8482 25.9911 31.4339 32.2792 31.4339 40.0166C31.4339 44.3429 34.7753 47.9078 39.0565 48.3763C39.0565 48.3763 39.0863 48.3763 39.1012 48.3763C39.1908 48.3909 39.2877 48.3909 39.3847 48.3909C39.5786 48.4056 39.7651 48.4202 39.9515 48.4202C39.9739 48.4202 39.9888 48.4202 40.0037 48.4202C44.0686 48.4202 47.4921 45.6239 48.3573 41.8906C48.581 40.9316 47.8575 40.0093 46.8506 40.0093H44.0686C43.457 40.0093 42.8976 40.368 42.6963 40.939C42.2935 42.0736 41.1598 42.8642 39.8471 42.7983C38.3405 42.7178 37.1397 41.5026 37.1397 40.0093C37.1397 35.3683 40.9883 31.5984 45.7095 31.5984C50.4307 31.5984 54.2793 35.3683 54.2793 40.0093C54.2793 47.7394 47.8725 54.0275 39.9888 54.0275C32.1052 54.0275 25.7058 47.7394 25.7058 40.0093C25.7058 38.7429 25.8326 37.4911 26.0712 36.2687C26.0861 36.1881 26.1011 36.1149 26.116 36.0344C26.2353 35.4781 26.377 34.9218 26.5411 34.3801C26.5784 34.2556 26.6232 34.1312 26.6605 34.0067C26.8395 33.4577 27.0408 32.9087 27.272 32.367C28.1372 30.3613 29.3157 28.5312 30.7925 26.9208C31.2027 26.4669 31.2101 25.7861 30.7701 25.3616L28.3461 22.9752C27.8911 22.5286 27.1378 22.5286 26.7052 22.9898C24.7287 25.1127 23.1549 27.5283 22.0063 30.1783C21.7005 30.8883 21.447 31.6057 21.2083 32.3377C21.171 32.4548 21.1262 32.5646 21.0964 32.6818C20.8801 33.3772 20.7011 34.0799 20.5519 34.7973C20.5221 34.9364 20.4923 35.0755 20.4699 35.2072C20.4326 35.4049 20.3878 35.5952 20.3505 35.7929H20.3804C20.1417 37.1837 20 38.5819 20 40.0093C20 50.8359 28.9726 59.6421 39.9963 59.6421C51.02 59.6421 60 50.8359 60 40.0093C60 32.2792 53.5931 25.9838 45.7095 25.9838\" fill=\"#FEEC6B\"><\/path><\/svg><\/span><\/div><\/div><div class=\"timeline-item__meta\"><\/div><\/div><div class=\"jet-timeline-item jet-timeline-item--animated elementor-repeater-item-cb648e8 jet-timeline-item--image-inside_after\">\n\t<div class=\"timeline-item__card\">\n\t\t<div class=\"timeline-item__card-inner\">\n\t\t\t\t\t\t\t\t<div class=\"timeline-item__card-content\">\n\t\t\t\t\t<div class=\"timeline-item__meta\"><\/div><h4 class=\"timeline-item__card-title\">\ud83c\udfc3\u200d\u2642\ufe0f 11 de septiembre<\/h4><div class=\"timeline-item__card-desc\"><h5 class=\"subtitulo\">1a Tramuntana Trail, una nova carrera de monta\u00f1a transfronteriza<\/h5>\nDiada Nacional de Catalunya<\/div><div class=\"timeline-item__card-btn-wrap\"><a class=\"timeline-item__card-btn elementor-button elementor-size-md\" role=\"button\" href=\"https:\/\/www.latramuntana.com\/es\/tramuntana-trail\/\" target=\"_blank\">Inscribirse en la carrera<\/a><\/div>\t\t\t\t<\/div>\n\t\t\t\t<div class=\"timeline-item__card-img\"><img loading=\"lazy\" decoding=\"async\" width=\"1280\" height=\"870\" src=\"https:\/\/www.latramuntana.com\/wp-content\/uploads\/2025\/02\/Tramuntana-Trail.webp\" class=\"attachment-full size-full wp-image-10454\" alt=\"\" srcset=\"https:\/\/www.latramuntana.com\/wp-content\/uploads\/2025\/02\/Tramuntana-Trail.webp 1280w, https:\/\/www.latramuntana.com\/wp-content\/uploads\/2025\/02\/Tramuntana-Trail-300x204.webp 300w, https:\/\/www.latramuntana.com\/wp-content\/uploads\/2025\/02\/Tramuntana-Trail-1024x696.webp 1024w, https:\/\/www.latramuntana.com\/wp-content\/uploads\/2025\/02\/Tramuntana-Trail-768x522.webp 768w\" sizes=\"(max-width: 1280px) 100vw, 1280px\" \/><\/div>\t\t<\/div>\n\t\t<div class=\"timeline-item__card-arrow\"><\/div>\n\t<\/div>\n\t<div class=\"timeline-item__point\"><div class=\"timeline-item__point-content timeline-item__point-content--icon\"><span class=\"jet-elements-icon\"><svg xmlns=\"http:\/\/www.w3.org\/2000\/svg\" width=\"81\" height=\"82\" viewBox=\"0 0 81 82\" fill=\"none\"><rect y=\"0.64209\" width=\"81\" height=\"81\" rx=\"40.5\" fill=\"#DD5B65\"><\/rect><path d=\"M45.7244 25.9911C37.8482 25.9911 31.4339 32.2792 31.4339 40.0166C31.4339 44.3429 34.7753 47.9078 39.0565 48.3763C39.0565 48.3763 39.0863 48.3763 39.1012 48.3763C39.1908 48.3909 39.2877 48.3909 39.3847 48.3909C39.5786 48.4056 39.7651 48.4202 39.9515 48.4202C39.9739 48.4202 39.9888 48.4202 40.0037 48.4202C44.0686 48.4202 47.4921 45.6239 48.3573 41.8906C48.581 40.9316 47.8575 40.0093 46.8506 40.0093H44.0686C43.457 40.0093 42.8976 40.368 42.6963 40.939C42.2935 42.0736 41.1598 42.8642 39.8471 42.7983C38.3405 42.7178 37.1397 41.5026 37.1397 40.0093C37.1397 35.3683 40.9883 31.5984 45.7095 31.5984C50.4307 31.5984 54.2793 35.3683 54.2793 40.0093C54.2793 47.7394 47.8725 54.0275 39.9888 54.0275C32.1052 54.0275 25.7058 47.7394 25.7058 40.0093C25.7058 38.7429 25.8326 37.4911 26.0712 36.2687C26.0861 36.1881 26.1011 36.1149 26.116 36.0344C26.2353 35.4781 26.377 34.9218 26.5411 34.3801C26.5784 34.2556 26.6232 34.1312 26.6605 34.0067C26.8395 33.4577 27.0408 32.9087 27.272 32.367C28.1372 30.3613 29.3157 28.5312 30.7925 26.9208C31.2027 26.4669 31.2101 25.7861 30.7701 25.3616L28.3461 22.9752C27.8911 22.5286 27.1378 22.5286 26.7052 22.9898C24.7287 25.1127 23.1549 27.5283 22.0063 30.1783C21.7005 30.8883 21.447 31.6057 21.2083 32.3377C21.171 32.4548 21.1262 32.5646 21.0964 32.6818C20.8801 33.3772 20.7011 34.0799 20.5519 34.7973C20.5221 34.9364 20.4923 35.0755 20.4699 35.2072C20.4326 35.4049 20.3878 35.5952 20.3505 35.7929H20.3804C20.1417 37.1837 20 38.5819 20 40.0093C20 50.8359 28.9726 59.6421 39.9963 59.6421C51.02 59.6421 60 50.8359 60 40.0093C60 32.2792 53.5931 25.9838 45.7095 25.9838\" fill=\"#FEEC6B\"><\/path><\/svg><\/span><\/div><\/div><div class=\"timeline-item__meta\"><\/div><\/div><div class=\"jet-timeline-item jet-timeline-item--animated elementor-repeater-item-42a840a jet-timeline-item--image-inside_after\">\n\t<div class=\"timeline-item__card\">\n\t\t<div class=\"timeline-item__card-inner\">\n\t\t\t\t\t\t\t\t<div class=\"timeline-item__card-content\">\n\t\t\t\t\t<div class=\"timeline-item__meta\"><\/div><h4 class=\"timeline-item__card-title\">\ud83c\udf04 Oto\u00f1o 2025 <\/h4><div class=\"timeline-item__card-desc\"><h5 class=\"subtitulo\">Exposici\u00f3n fotogr\u00e1fica Los paisajes de la Tramuntana a ambos lados de L'Hostoles de Francesc Guillamet<\/h5>\n\ud83d\udccd Sala Escorxador, Figueres<\/div>\t\t\t\t<\/div>\n\t\t\t\t<div class=\"timeline-item__card-img\"><img loading=\"lazy\" decoding=\"async\" width=\"2020\" height=\"1291\" src=\"https:\/\/www.latramuntana.com\/wp-content\/uploads\/2025\/02\/Exposicio-Met-1.webp\" class=\"attachment-full size-full wp-image-10277\" alt=\"\" srcset=\"https:\/\/www.latramuntana.com\/wp-content\/uploads\/2025\/02\/Exposicio-Met-1.webp 2020w, https:\/\/www.latramuntana.com\/wp-content\/uploads\/2025\/02\/Exposicio-Met-1-300x192.webp 300w, https:\/\/www.latramuntana.com\/wp-content\/uploads\/2025\/02\/Exposicio-Met-1-1024x654.webp 1024w, https:\/\/www.latramuntana.com\/wp-content\/uploads\/2025\/02\/Exposicio-Met-1-768x491.webp 768w, https:\/\/www.latramuntana.com\/wp-content\/uploads\/2025\/02\/Exposicio-Met-1-1536x982.webp 1536w\" sizes=\"(max-width: 2020px) 100vw, 2020px\" \/><\/div>\t\t<\/div>\n\t\t<div class=\"timeline-item__card-arrow\"><\/div>\n\t<\/div>\n\t<div class=\"timeline-item__point\"><div class=\"timeline-item__point-content timeline-item__point-content--icon\"><span class=\"jet-elements-icon\"><svg xmlns=\"http:\/\/www.w3.org\/2000\/svg\" width=\"81\" height=\"82\" viewBox=\"0 0 81 82\" fill=\"none\"><rect y=\"0.64209\" width=\"81\" height=\"81\" rx=\"40.5\" fill=\"#DD5B65\"><\/rect><path d=\"M45.7244 25.9911C37.8482 25.9911 31.4339 32.2792 31.4339 40.0166C31.4339 44.3429 34.7753 47.9078 39.0565 48.3763C39.0565 48.3763 39.0863 48.3763 39.1012 48.3763C39.1908 48.3909 39.2877 48.3909 39.3847 48.3909C39.5786 48.4056 39.7651 48.4202 39.9515 48.4202C39.9739 48.4202 39.9888 48.4202 40.0037 48.4202C44.0686 48.4202 47.4921 45.6239 48.3573 41.8906C48.581 40.9316 47.8575 40.0093 46.8506 40.0093H44.0686C43.457 40.0093 42.8976 40.368 42.6963 40.939C42.2935 42.0736 41.1598 42.8642 39.8471 42.7983C38.3405 42.7178 37.1397 41.5026 37.1397 40.0093C37.1397 35.3683 40.9883 31.5984 45.7095 31.5984C50.4307 31.5984 54.2793 35.3683 54.2793 40.0093C54.2793 47.7394 47.8725 54.0275 39.9888 54.0275C32.1052 54.0275 25.7058 47.7394 25.7058 40.0093C25.7058 38.7429 25.8326 37.4911 26.0712 36.2687C26.0861 36.1881 26.1011 36.1149 26.116 36.0344C26.2353 35.4781 26.377 34.9218 26.5411 34.3801C26.5784 34.2556 26.6232 34.1312 26.6605 34.0067C26.8395 33.4577 27.0408 32.9087 27.272 32.367C28.1372 30.3613 29.3157 28.5312 30.7925 26.9208C31.2027 26.4669 31.2101 25.7861 30.7701 25.3616L28.3461 22.9752C27.8911 22.5286 27.1378 22.5286 26.7052 22.9898C24.7287 25.1127 23.1549 27.5283 22.0063 30.1783C21.7005 30.8883 21.447 31.6057 21.2083 32.3377C21.171 32.4548 21.1262 32.5646 21.0964 32.6818C20.8801 33.3772 20.7011 34.0799 20.5519 34.7973C20.5221 34.9364 20.4923 35.0755 20.4699 35.2072C20.4326 35.4049 20.3878 35.5952 20.3505 35.7929H20.3804C20.1417 37.1837 20 38.5819 20 40.0093C20 50.8359 28.9726 59.6421 39.9963 59.6421C51.02 59.6421 60 50.8359 60 40.0093C60 32.2792 53.5931 25.9838 45.7095 25.9838\" fill=\"#FEEC6B\"><\/path><\/svg><\/span><\/div><\/div><div class=\"timeline-item__meta\"><\/div><\/div><\/div><\/div><\/div>\t\t\t\t<\/div>\n\t\t\t\t<\/div>\n\t\t\t\t<\/div>\n\t\t\t\t\t<\/div>\n\t\t\t\t<\/div>\n\t\t<div class=\"elementor-element elementor-element-2f2eb457 e-flex e-con-boxed e-con e-parent\" data-id=\"2f2eb457\" data-element_type=\"container\" data-e-type=\"container\">\n\t\t\t\t\t<div class=\"e-con-inner\">\n\t\t<div class=\"elementor-element elementor-element-5b1d3b53 e-con-full e-flex e-con e-child\" data-id=\"5b1d3b53\" data-element_type=\"container\" data-e-type=\"container\">\n\t\t<div class=\"elementor-element elementor-element-424cb9fe e-con-full e-flex e-con e-child\" data-id=\"424cb9fe\" data-element_type=\"container\" data-e-type=\"container\">\n\t\t\t\t<div class=\"elementor-element elementor-element-1926413c elementor-widget__width-auto elementor-widget elementor-widget-heading\" data-id=\"1926413c\" data-element_type=\"widget\" data-e-type=\"widget\" data-widget_type=\"heading.default\">\n\t\t\t\t<div class=\"elementor-widget-container\">\n\t\t\t\t\t<h2 class=\"elementor-heading-title elementor-size-default\">Conclusi\u00f3n<\/h2>\t\t\t\t<\/div>\n\t\t\t\t<\/div>\n\t\t\t\t<div class=\"elementor-element elementor-element-3f909041 elementor-widget__width-auto elementor-widget-divider--view-line elementor-widget elementor-widget-divider\" data-id=\"3f909041\" data-element_type=\"widget\" data-e-type=\"widget\" data-widget_type=\"divider.default\">\n\t\t\t\t<div class=\"elementor-widget-container\">\n\t\t\t\t\t\t\t<div class=\"elementor-divider\">\n\t\t\t<span class=\"elementor-divider-separator\">\n\t\t\t\t\t\t<\/span>\n\t\t<\/div>\n\t\t\t\t\t\t<\/div>\n\t\t\t\t<\/div>\n\t\t\t\t<\/div>\n\t\t<div class=\"elementor-element elementor-element-2a8a1280 e-con-full e-flex e-con e-child\" data-id=\"2a8a1280\" data-element_type=\"container\" data-e-type=\"container\">\n\t\t\t\t<div class=\"elementor-element elementor-element-1e3c2fb8 elementor-widget-mobile__width-inherit elementor-widget elementor-widget-heading\" data-id=\"1e3c2fb8\" data-element_type=\"widget\" data-e-type=\"widget\" data-widget_type=\"heading.default\">\n\t\t\t\t<div class=\"elementor-widget-container\">\n\t\t\t\t\t<h3 class=\"elementor-heading-title elementor-size-default\"><strong>Un futuro con ra\u00edces en el territorio<strong><\/strong><\/strong><\/h3>\t\t\t\t<\/div>\n\t\t\t\t<\/div>\n\t\t\t\t<\/div>\n\t\t<div class=\"elementor-element elementor-element-1549f6d2 e-con-full e-flex e-con e-child\" data-id=\"1549f6d2\" data-element_type=\"container\" data-e-type=\"container\">\n\t\t\t\t<div class=\"elementor-element elementor-element-33e777c7 elementor-widget__width-auto elementor-widget-divider--view-line elementor-widget elementor-widget-divider\" data-id=\"33e777c7\" data-element_type=\"widget\" data-e-type=\"widget\" data-widget_type=\"divider.default\">\n\t\t\t\t<div class=\"elementor-widget-container\">\n\t\t\t\t\t\t\t<div class=\"elementor-divider\">\n\t\t\t<span class=\"elementor-divider-separator\">\n\t\t\t\t\t\t<\/span>\n\t\t<\/div>\n\t\t\t\t\t\t<\/div>\n\t\t\t\t<\/div>\n\t\t\t\t<\/div>\n\t\t\t\t<\/div>\n\t\t<div class=\"elementor-element elementor-element-28a6cb10 e-con-full e-flex e-con e-child\" data-id=\"28a6cb10\" data-element_type=\"container\" data-e-type=\"container\">\n\t\t\t\t<div class=\"elementor-element elementor-element-27596626 elementor-widget elementor-widget-text-editor\" data-id=\"27596626\" data-element_type=\"widget\" data-e-type=\"widget\" data-widget_type=\"text-editor.default\">\n\t\t\t\t<div class=\"elementor-widget-container\">\n\t\t\t\t\t\t\t\t\t<p>Con estos actos y su apuesta por la modernizaci\u00f3n, el <strong>Grupo Tramuntana<\/strong> se consolida como uno de los <strong>principales motores econ\u00f3micos y culturales de L&#8217;Alt Empord\u00e0<\/strong>, mirando hacia los pr\u00f3ximos <strong>100 a\u00f1os de historia y comercio en La Jonquera y El Port\u00fas<\/strong>.<\/p>\t\t\t\t\t\t\t\t<\/div>\n\t\t\t\t<\/div>\n\t\t\t\t<\/div>\n\t\t\t\t\t<\/div>\n\t\t\t\t<\/div>\n\t\t<div class=\"elementor-element elementor-element-3b8a7af9 e-flex e-con-boxed e-con e-parent\" data-id=\"3b8a7af9\" data-element_type=\"container\" data-e-type=\"container\">\n\t\t\t\t\t<div class=\"e-con-inner\">\n\t\t\t\t<div class=\"elementor-element elementor-element-6fe60beb elementor-hidden-desktop elementor-widget-divider--view-line elementor-widget elementor-widget-divider\" data-id=\"6fe60beb\" data-element_type=\"widget\" data-e-type=\"widget\" data-widget_type=\"divider.default\">\n\t\t\t\t<div class=\"elementor-widget-container\">\n\t\t\t\t\t\t\t<div class=\"elementor-divider\">\n\t\t\t<span class=\"elementor-divider-separator\">\n\t\t\t\t\t\t<\/span>\n\t\t<\/div>\n\t\t\t\t\t\t<\/div>\n\t\t\t\t<\/div>\n\t\t\t\t\t<\/div>\n\t\t\t\t<\/div>\n\t\t\t\t<\/div>\n\t\t","protected":false},"excerpt":{"rendered":"<p>Grupo Tramuntana: 80 a\u00f1os de historia, comercio y futuro en La Jonquera y El Port\u00fas El Grupo Tramuntana, empresa l\u00edder en el sector del comercio transfronterizo en La Jonquera y El Pert\u00fas, celebra su 80\u00ba aniversario reafirmando su compromiso con la innovaci\u00f3n y el territorio. Desde sus inicios como un peque\u00f1o negocio familiar, ha crecido [&hellip;]<\/p>\n","protected":false},"author":3,"featured_media":4823,"parent":0,"menu_order":0,"comment_status":"closed","ping_status":"closed","template":"elementor_header_footer","meta":{"footnotes":""},"class_list":["post-10197","page","type-page","status-publish","has-post-thumbnail","hentry"],"yoast_head":"<!-- This site is optimized with the Yoast SEO plugin v27.5 - https:\/\/yoast.com\/product\/yoast-seo-wordpress\/ -->\n<title>Grupo Tramuntana: 80 a\u00f1os de historia, comercio y futuro<\/title>\n<meta name=\"description\" content=\"El Grupo Tramuntana, empresa l\u00edder en el sector del comercio transfronterizo en La Jonquera y El Pot\u00fas, celebra su 80\u00ba aniversario.\" \/>\n<meta name=\"robots\" content=\"index, follow, max-snippet:-1, max-image-preview:large, max-video-preview:-1\" \/>\n<link rel=\"canonical\" href=\"https:\/\/www.latramuntana.com\/es\/80-aniversario\/\" \/>\n<meta property=\"og:locale\" content=\"es_ES\" \/>\n<meta property=\"og:type\" content=\"article\" \/>\n<meta property=\"og:title\" content=\"Grupo Tramuntana: 80 a\u00f1os de historia, comercio y futuro\" \/>\n<meta property=\"og:description\" content=\"El Grupo Tramuntana, empresa l\u00edder en el sector del comercio transfronterizo en La Jonquera y El Pot\u00fas, celebra su 80\u00ba aniversario.\" \/>\n<meta property=\"og:url\" content=\"https:\/\/www.latramuntana.com\/es\/80-aniversario\/\" \/>\n<meta property=\"og:site_name\" content=\"La Tramuntana\" \/>\n<meta property=\"article:publisher\" content=\"https:\/\/www.facebook.com\/gruptramuntana\" \/>\n<meta property=\"article:modified_time\" content=\"2025-07-15T15:51:08+00:00\" \/>\n<meta property=\"og:image\" content=\"https:\/\/www.latramuntana.com\/wp-content\/uploads\/2024\/11\/Home_SobreNosaltres.webp\" \/>\n\t<meta property=\"og:image:width\" content=\"518\" \/>\n\t<meta property=\"og:image:height\" content=\"388\" \/>\n\t<meta property=\"og:image:type\" content=\"image\/jpeg\" \/>\n<meta name=\"twitter:card\" content=\"summary_large_image\" \/>\n<meta name=\"twitter:label1\" content=\"Tiempo de lectura\" \/>\n\t<meta name=\"twitter:data1\" content=\"10 minutos\" \/>\n<script type=\"application\/ld+json\" class=\"yoast-schema-graph\">{\"@context\":\"https:\\\/\\\/schema.org\",\"@graph\":[{\"@type\":\"WebPage\",\"@id\":\"https:\\\/\\\/www.latramuntana.com\\\/es\\\/80-aniversario\\\/\",\"url\":\"https:\\\/\\\/www.latramuntana.com\\\/es\\\/80-aniversario\\\/\",\"name\":\"Grupo Tramuntana: 80 a\u00f1os de historia, comercio y futuro\",\"isPartOf\":{\"@id\":\"https:\\\/\\\/www.latramuntana.com\\\/es\\\/#website\"},\"primaryImageOfPage\":{\"@id\":\"https:\\\/\\\/www.latramuntana.com\\\/es\\\/80-aniversario\\\/#primaryimage\"},\"image\":{\"@id\":\"https:\\\/\\\/www.latramuntana.com\\\/es\\\/80-aniversario\\\/#primaryimage\"},\"thumbnailUrl\":\"https:\\\/\\\/www.latramuntana.com\\\/wp-content\\\/uploads\\\/2024\\\/11\\\/Home_SobreNosaltres.webp\",\"datePublished\":\"2025-02-26T15:23:27+00:00\",\"dateModified\":\"2025-07-15T15:51:08+00:00\",\"description\":\"El Grupo Tramuntana, empresa l\u00edder en el sector del comercio transfronterizo en La Jonquera y El Pot\u00fas, celebra su 80\u00ba aniversario.\",\"breadcrumb\":{\"@id\":\"https:\\\/\\\/www.latramuntana.com\\\/es\\\/80-aniversario\\\/#breadcrumb\"},\"inLanguage\":\"es\",\"potentialAction\":[{\"@type\":\"ReadAction\",\"target\":[\"https:\\\/\\\/www.latramuntana.com\\\/es\\\/80-aniversario\\\/\"]}]},{\"@type\":\"ImageObject\",\"inLanguage\":\"es\",\"@id\":\"https:\\\/\\\/www.latramuntana.com\\\/es\\\/80-aniversario\\\/#primaryimage\",\"url\":\"https:\\\/\\\/www.latramuntana.com\\\/wp-content\\\/uploads\\\/2024\\\/11\\\/Home_SobreNosaltres.webp\",\"contentUrl\":\"https:\\\/\\\/www.latramuntana.com\\\/wp-content\\\/uploads\\\/2024\\\/11\\\/Home_SobreNosaltres.webp\",\"width\":518,\"height\":388,\"caption\":\"Casa Raurich\"},{\"@type\":\"BreadcrumbList\",\"@id\":\"https:\\\/\\\/www.latramuntana.com\\\/es\\\/80-aniversario\\\/#breadcrumb\",\"itemListElement\":[{\"@type\":\"ListItem\",\"position\":1,\"name\":\"Portada\",\"item\":\"https:\\\/\\\/www.latramuntana.com\\\/es\\\/\"},{\"@type\":\"ListItem\",\"position\":2,\"name\":\"80 aniversario\"}]},{\"@type\":\"WebSite\",\"@id\":\"https:\\\/\\\/www.latramuntana.com\\\/es\\\/#website\",\"url\":\"https:\\\/\\\/www.latramuntana.com\\\/es\\\/\",\"name\":\"La Tramuntana\",\"description\":\"\",\"publisher\":{\"@id\":\"https:\\\/\\\/www.latramuntana.com\\\/es\\\/#organization\"},\"potentialAction\":[{\"@type\":\"SearchAction\",\"target\":{\"@type\":\"EntryPoint\",\"urlTemplate\":\"https:\\\/\\\/www.latramuntana.com\\\/es\\\/?s={search_term_string}\"},\"query-input\":{\"@type\":\"PropertyValueSpecification\",\"valueRequired\":true,\"valueName\":\"search_term_string\"}}],\"inLanguage\":\"es\"},{\"@type\":\"Organization\",\"@id\":\"https:\\\/\\\/www.latramuntana.com\\\/es\\\/#organization\",\"name\":\"La Tramuntana\",\"url\":\"https:\\\/\\\/www.latramuntana.com\\\/es\\\/\",\"logo\":{\"@type\":\"ImageObject\",\"inLanguage\":\"es\",\"@id\":\"https:\\\/\\\/www.latramuntana.com\\\/es\\\/#\\\/schema\\\/logo\\\/image\\\/\",\"url\":\"https:\\\/\\\/www.latramuntana.com\\\/wp-content\\\/uploads\\\/2024\\\/06\\\/latramuntana-logo.svg\",\"contentUrl\":\"https:\\\/\\\/www.latramuntana.com\\\/wp-content\\\/uploads\\\/2024\\\/06\\\/latramuntana-logo.svg\",\"width\":500,\"height\":55,\"caption\":\"La Tramuntana\"},\"image\":{\"@id\":\"https:\\\/\\\/www.latramuntana.com\\\/es\\\/#\\\/schema\\\/logo\\\/image\\\/\"},\"sameAs\":[\"https:\\\/\\\/www.facebook.com\\\/gruptramuntana\",\"https:\\\/\\\/www.instagram.com\\\/gruptramuntana\\\/\",\"https:\\\/\\\/www.linkedin.com\\\/company\\\/gruptramuntana\\\/\"]}]}<\/script>\n<!-- \/ Yoast SEO plugin. -->","yoast_head_json":{"title":"Grupo Tramuntana: 80 a\u00f1os de historia, comercio y futuro","description":"El Grupo Tramuntana, empresa l\u00edder en el sector del comercio transfronterizo en La Jonquera y El Pot\u00fas, celebra su 80\u00ba aniversario.","robots":{"index":"index","follow":"follow","max-snippet":"max-snippet:-1","max-image-preview":"max-image-preview:large","max-video-preview":"max-video-preview:-1"},"canonical":"https:\/\/www.latramuntana.com\/es\/80-aniversario\/","og_locale":"es_ES","og_type":"article","og_title":"Grupo Tramuntana: 80 a\u00f1os de historia, comercio y futuro","og_description":"El Grupo Tramuntana, empresa l\u00edder en el sector del comercio transfronterizo en La Jonquera y El Pot\u00fas, celebra su 80\u00ba aniversario.","og_url":"https:\/\/www.latramuntana.com\/es\/80-aniversario\/","og_site_name":"La Tramuntana","article_publisher":"https:\/\/www.facebook.com\/gruptramuntana","article_modified_time":"2025-07-15T15:51:08+00:00","og_image":[{"width":518,"height":388,"url":"https:\/\/www.latramuntana.com\/wp-content\/uploads\/2024\/11\/Home_SobreNosaltres.webp","type":"image\/jpeg"}],"twitter_card":"summary_large_image","twitter_misc":{"Tiempo de lectura":"10 minutos"},"schema":{"@context":"https:\/\/schema.org","@graph":[{"@type":"WebPage","@id":"https:\/\/www.latramuntana.com\/es\/80-aniversario\/","url":"https:\/\/www.latramuntana.com\/es\/80-aniversario\/","name":"Grupo Tramuntana: 80 a\u00f1os de historia, comercio y futuro","isPartOf":{"@id":"https:\/\/www.latramuntana.com\/es\/#website"},"primaryImageOfPage":{"@id":"https:\/\/www.latramuntana.com\/es\/80-aniversario\/#primaryimage"},"image":{"@id":"https:\/\/www.latramuntana.com\/es\/80-aniversario\/#primaryimage"},"thumbnailUrl":"https:\/\/www.latramuntana.com\/wp-content\/uploads\/2024\/11\/Home_SobreNosaltres.webp","datePublished":"2025-02-26T15:23:27+00:00","dateModified":"2025-07-15T15:51:08+00:00","description":"El Grupo Tramuntana, empresa l\u00edder en el sector del comercio transfronterizo en La Jonquera y El Pot\u00fas, celebra su 80\u00ba aniversario.","breadcrumb":{"@id":"https:\/\/www.latramuntana.com\/es\/80-aniversario\/#breadcrumb"},"inLanguage":"es","potentialAction":[{"@type":"ReadAction","target":["https:\/\/www.latramuntana.com\/es\/80-aniversario\/"]}]},{"@type":"ImageObject","inLanguage":"es","@id":"https:\/\/www.latramuntana.com\/es\/80-aniversario\/#primaryimage","url":"https:\/\/www.latramuntana.com\/wp-content\/uploads\/2024\/11\/Home_SobreNosaltres.webp","contentUrl":"https:\/\/www.latramuntana.com\/wp-content\/uploads\/2024\/11\/Home_SobreNosaltres.webp","width":518,"height":388,"caption":"Casa Raurich"},{"@type":"BreadcrumbList","@id":"https:\/\/www.latramuntana.com\/es\/80-aniversario\/#breadcrumb","itemListElement":[{"@type":"ListItem","position":1,"name":"Portada","item":"https:\/\/www.latramuntana.com\/es\/"},{"@type":"ListItem","position":2,"name":"80 aniversario"}]},{"@type":"WebSite","@id":"https:\/\/www.latramuntana.com\/es\/#website","url":"https:\/\/www.latramuntana.com\/es\/","name":"La Tramuntana","description":"","publisher":{"@id":"https:\/\/www.latramuntana.com\/es\/#organization"},"potentialAction":[{"@type":"SearchAction","target":{"@type":"EntryPoint","urlTemplate":"https:\/\/www.latramuntana.com\/es\/?s={search_term_string}"},"query-input":{"@type":"PropertyValueSpecification","valueRequired":true,"valueName":"search_term_string"}}],"inLanguage":"es"},{"@type":"Organization","@id":"https:\/\/www.latramuntana.com\/es\/#organization","name":"La Tramuntana","url":"https:\/\/www.latramuntana.com\/es\/","logo":{"@type":"ImageObject","inLanguage":"es","@id":"https:\/\/www.latramuntana.com\/es\/#\/schema\/logo\/image\/","url":"https:\/\/www.latramuntana.com\/wp-content\/uploads\/2024\/06\/latramuntana-logo.svg","contentUrl":"https:\/\/www.latramuntana.com\/wp-content\/uploads\/2024\/06\/latramuntana-logo.svg","width":500,"height":55,"caption":"La Tramuntana"},"image":{"@id":"https:\/\/www.latramuntana.com\/es\/#\/schema\/logo\/image\/"},"sameAs":["https:\/\/www.facebook.com\/gruptramuntana","https:\/\/www.instagram.com\/gruptramuntana\/","https:\/\/www.linkedin.com\/company\/gruptramuntana\/"]}]}},"_links":{"self":[{"href":"https:\/\/www.latramuntana.com\/es\/wp-json\/wp\/v2\/pages\/10197","targetHints":{"allow":["GET"]}}],"collection":[{"href":"https:\/\/www.latramuntana.com\/es\/wp-json\/wp\/v2\/pages"}],"about":[{"href":"https:\/\/www.latramuntana.com\/es\/wp-json\/wp\/v2\/types\/page"}],"author":[{"embeddable":true,"href":"https:\/\/www.latramuntana.com\/es\/wp-json\/wp\/v2\/users\/3"}],"replies":[{"embeddable":true,"href":"https:\/\/www.latramuntana.com\/es\/wp-json\/wp\/v2\/comments?post=10197"}],"version-history":[{"count":5,"href":"https:\/\/www.latramuntana.com\/es\/wp-json\/wp\/v2\/pages\/10197\/revisions"}],"predecessor-version":[{"id":12254,"href":"https:\/\/www.latramuntana.com\/es\/wp-json\/wp\/v2\/pages\/10197\/revisions\/12254"}],"wp:featuredmedia":[{"embeddable":true,"href":"https:\/\/www.latramuntana.com\/es\/wp-json\/wp\/v2\/media\/4823"}],"wp:attachment":[{"href":"https:\/\/www.latramuntana.com\/es\/wp-json\/wp\/v2\/media?parent=10197"}],"curies":[{"name":"wp","href":"https:\/\/api.w.org\/{rel}","templated":true}]}}